{"id":4047,"date":"2013-05-09T10:40:45","date_gmt":"2013-05-09T08:40:45","guid":{"rendered":"https:\/\/www.freecorpus.fr\/pilates-gym-posturale\/?page_id=4047"},"modified":"2024-08-26T16:40:44","modified_gmt":"2024-08-26T14:40:44","slug":"methode-albane-dantras-freecorpus","status":"publish","type":"page","link":"https:\/\/www.freecorpus.fr\/pilates-gym-posturale\/methode-albane-dantras-freecorpus\/","title":{"rendered":"Notre d\u00e9marche"},"content":{"rendered":"\t\t<div data-elementor-type=\"wp-page\" data-elementor-id=\"4047\" class=\"elementor elementor-4047\" data-elementor-post-type=\"page\">\n\t\t\t\t\t\t<section class=\"elementor-section elementor-top-section elementor-element elementor-element-4409a31d elementor-section-height-min-height elementor-section-items-stretch elementor-section-boxed elementor-section-height-default\" data-id=\"4409a31d\" data-element_type=\"section\" data-e-type=\"section\" data-settings=\"{&quot;background_background&quot;:&quot;classic&quot;}\">\n\t\t\t\t\t\t\t<div class=\"elementor-background-overlay\"><\/div>\n\t\t\t\t\t\t\t<div class=\"elementor-container elementor-column-gap-default\">\n\t\t\t\t\t<div class=\"elementor-column elementor-col-50 elementor-top-column elementor-element elementor-element-1161f56b\" data-id=\"1161f56b\" data-element_type=\"column\" data-e-type=\"column\" data-settings=\"{&quot;background_background&quot;:&quot;classic&quot;}\">\n\t\t\t<div class=\"elementor-widget-wrap elementor-element-populated\">\n\t\t\t\t\t\t<div class=\"elementor-element elementor-element-451ae563 elementor-widget elementor-widget-heading\" data-id=\"451ae563\" data-element_type=\"widget\" data-e-type=\"widget\" data-widget_type=\"heading.default\">\n\t\t\t\t<div class=\"elementor-widget-container\">\n\t\t\t\t\t<h1 class=\"elementor-heading-title elementor-size-default\">Notre d\u00e9marche<\/h1>\t\t\t\t<\/div>\n\t\t\t\t<\/div>\n\t\t\t\t<div class=\"elementor-element elementor-element-59008680 elementor-widget-divider--view-line elementor-widget elementor-widget-divider\" data-id=\"59008680\" data-element_type=\"widget\" data-e-type=\"widget\" data-widget_type=\"divider.default\">\n\t\t\t\t<div class=\"elementor-widget-container\">\n\t\t\t\t\t\t\t<div class=\"elementor-divider\">\n\t\t\t<span class=\"elementor-divider-separator\">\n\t\t\t\t\t\t<\/span>\n\t\t<\/div>\n\t\t\t\t\t\t<\/div>\n\t\t\t\t<\/div>\n\t\t\t\t<div class=\"elementor-element elementor-element-600eec3d elementor-widget elementor-widget-heading\" data-id=\"600eec3d\" data-element_type=\"widget\" data-e-type=\"widget\" data-widget_type=\"heading.default\">\n\t\t\t\t<div class=\"elementor-widget-container\">\n\t\t\t\t\t<h2 class=\"elementor-heading-title elementor-size-default\">Notre corps, c'est notre capital de vie<\/h2>\t\t\t\t<\/div>\n\t\t\t\t<\/div>\n\t\t\t\t<div class=\"elementor-element elementor-element-534b31dc elementor-widget elementor-widget-text-editor\" data-id=\"534b31dc\" data-element_type=\"widget\" data-e-type=\"widget\" data-widget_type=\"text-editor.default\">\n\t\t\t\t<div class=\"elementor-widget-container\">\n\t\t\t\t\t\t\t\t\t<div class=\"full-width last entry-content clearfix\"><p><span class=\"lambda-dropcap1\">C<\/span>elui qui nous fait marcher, aller au travail, courir dans les bras d\u2019un \u00eatre aim\u00e9, \u00e9prouver des \u00e9motions, attraper, caresser, bondir, courir, grimper, voir, sentir, penser, cr\u00e9er, fabriquer, c\u2019est notre corps.<br \/>Notre corps pris en compte c\u2019est un meilleur \u00e9quilibre sur nos deux pieds et dans notre t\u00eate.<br \/>Les blocages du corps sont des sortes de verrous qui verrouillent aussi notre syst\u00e8me nerveux (ex : douleur) et nos pens\u00e9es (ex : occupation de l\u2019esprit \u00e0 g\u00e9rer la douleur et\/ou un \u00e9tat de tension \u00e9motionnelle car les deux sont li\u00e9s)<\/p><\/div>\t\t\t\t\t\t\t\t<\/div>\n\t\t\t\t<\/div>\n\t\t\t\t<div class=\"elementor-element elementor-element-9f9f465 elementor-align-right elementor-widget elementor-widget-button\" data-id=\"9f9f465\" data-element_type=\"widget\" data-e-type=\"widget\" data-widget_type=\"button.default\">\n\t\t\t\t<div class=\"elementor-widget-container\">\n\t\t\t\t\t\t\t\t\t<div class=\"elementor-button-wrapper\">\n\t\t\t\t\t<a class=\"elementor-button elementor-button-link elementor-size-sm elementor-animation-grow\" href=\"https:\/\/www.freecorpus.fr\/pilates-gym-posturale\/methodes-enseignees\/\">\n\t\t\t\t\t\t<span class=\"elementor-button-content-wrapper\">\n\t\t\t\t\t\t<span class=\"elementor-button-icon\">\n\t\t\t\t<i aria-hidden=\"true\" class=\"far fa-caret-square-right\"><\/i>\t\t\t<\/span>\n\t\t\t\t\t\t\t\t\t<span class=\"elementor-button-text\">M\u00e9thodes enseign\u00e9es<\/span>\n\t\t\t\t\t<\/span>\n\t\t\t\t\t<\/a>\n\t\t\t\t<\/div>\n\t\t\t\t\t\t\t\t<\/div>\n\t\t\t\t<\/div>\n\t\t\t\t\t<\/div>\n\t\t<\/div>\n\t\t\t\t<div class=\"elementor-column elementor-col-50 elementor-top-column elementor-element elementor-element-4d9fe81c elementor-hidden-tablet elementor-hidden-mobile\" data-id=\"4d9fe81c\" data-element_type=\"column\" data-e-type=\"column\" data-settings=\"{&quot;background_background&quot;:&quot;classic&quot;}\">\n\t\t\t<div class=\"elementor-widget-wrap\">\n\t\t\t\t\t\t\t<\/div>\n\t\t<\/div>\n\t\t\t\t\t<\/div>\n\t\t<\/section>\n\t\t\t\t<section class=\"elementor-section elementor-top-section elementor-element elementor-element-2d5dd891 elementor-section-boxed elementor-section-height-default elementor-section-height-default\" data-id=\"2d5dd891\" data-element_type=\"section\" data-e-type=\"section\">\n\t\t\t\t\t\t<div class=\"elementor-container elementor-column-gap-default\">\n\t\t\t\t\t<div class=\"elementor-column elementor-col-100 elementor-top-column elementor-element elementor-element-32d354ff\" data-id=\"32d354ff\" data-element_type=\"column\" data-e-type=\"column\">\n\t\t\t<div class=\"elementor-widget-wrap elementor-element-populated\">\n\t\t\t\t\t\t<div class=\"elementor-element elementor-element-7a05b620 elementor-widget elementor-widget-heading\" data-id=\"7a05b620\" data-element_type=\"widget\" data-e-type=\"widget\" data-widget_type=\"heading.default\">\n\t\t\t\t<div class=\"elementor-widget-container\">\n\t\t\t\t\t<h2 class=\"elementor-heading-title elementor-size-default\">La m\u00e9thode Albane Dantras<\/h2>\t\t\t\t<\/div>\n\t\t\t\t<\/div>\n\t\t\t\t<div class=\"elementor-element elementor-element-5b113e74 elementor-widget-divider--view-line elementor-widget elementor-widget-divider\" data-id=\"5b113e74\" data-element_type=\"widget\" data-e-type=\"widget\" data-widget_type=\"divider.default\">\n\t\t\t\t<div class=\"elementor-widget-container\">\n\t\t\t\t\t\t\t<div class=\"elementor-divider\">\n\t\t\t<span class=\"elementor-divider-separator\">\n\t\t\t\t\t\t<\/span>\n\t\t<\/div>\n\t\t\t\t\t\t<\/div>\n\t\t\t\t<\/div>\n\t\t\t\t<div class=\"elementor-element elementor-element-3e74bfaf elementor-blockquote--skin-quotation elementor-blockquote--align-left elementor-widget elementor-widget-blockquote\" data-id=\"3e74bfaf\" data-element_type=\"widget\" data-e-type=\"widget\" data-widget_type=\"blockquote.default\">\n\t\t\t\t<div class=\"elementor-widget-container\">\n\t\t\t\t\t\t\t<blockquote class=\"elementor-blockquote\">\n\t\t\t<p class=\"elementor-blockquote__content\">\n\t\t\t\t\" Je me consid\u00e8re comme un vecteur. \nCeci est le fruit de mon travail, de plus de 48 ann\u00e9es de pratique depuis mes premiers pas en tutu rose \u00e0 l'\u00e2ge de 4 ans.\n Ma recherche existe gr\u00e2ce \u00e0 tout ce qui f\u00fbt dans le mouvement, et sera dans le mouvement. Chacun-e apporte une mati\u00e8re transform\u00e9e, et transformable au fur et \u00e0 mesure que nous avan\u00e7ons dans la connaissance\u2026\"\t\t\t<\/p>\n\t\t\t\t\t\t\t<div class=\"e-q-footer\">\n\t\t\t\t\t\t\t\t\t\t\t<cite class=\"elementor-blockquote__author\">Albane Dantras<\/cite>\n\t\t\t\t\t\t\t\t\t\t\t\t\t\t<\/div>\n\t\t\t\t\t<\/blockquote>\n\t\t\t\t\t\t<\/div>\n\t\t\t\t<\/div>\n\t\t\t\t<div class=\"elementor-element elementor-element-39486578 elementor-widget elementor-widget-heading\" data-id=\"39486578\" data-element_type=\"widget\" data-e-type=\"widget\" data-widget_type=\"heading.default\">\n\t\t\t\t<div class=\"elementor-widget-container\">\n\t\t\t\t\t<h3 class=\"elementor-heading-title elementor-size-default\">Depuis 1996, je m'applique \u00e0 d\u00e9velopper ma propre m\u00e9thode d'entrainement.<\/h3>\t\t\t\t<\/div>\n\t\t\t\t<\/div>\n\t\t\t\t<div class=\"elementor-element elementor-element-2aef176 elementor-widget elementor-widget-text-editor\" data-id=\"2aef176\" data-element_type=\"widget\" data-e-type=\"widget\" data-widget_type=\"text-editor.default\">\n\t\t\t\t<div class=\"elementor-widget-container\">\n\t\t\t\t\t\t\t\t\t<p>La m\u00e9thode que j\u2019enseigne repose initialement sur le Pilates, le travail des fascias, la biom\u00e9canique, et s\u2019inspire aussi parfois de techniques de danse adapt\u00e9es, pour un <strong>entra\u00eenement praticable par toutes et tous<\/strong>. Mon travail apporte des outils d\u2019optimisation physique pour tous les sports: course \u00e0 pied, tennis, golf, squash, saut, handball etc, et pour <strong>quasi toutes les personnes non-sportives ou avec un handicap.<\/strong><\/p><p>Mon parcours s\u2019est inspir\u00e9 du travail de Blandine Calais Germain, Odile Rouquet, Dominique Dupuy et Thierry Raymond, qui m&rsquo;ont <strong>enseign\u00e9 l&rsquo;anatomie fonctionnelle et les fondements de la kin\u00e9siologie<\/strong> durant mes \u00e9tudes (DE danse et \u00e9tudes sup\u00e9rieures du CNSM) . Je m&rsquo;inspire \u00e9galement de la m\u00e9thode d&rsquo;entra\u00eenement avant-gardiste mais peu connue de Sylvie Deluz (Th\u00e9\u00e2tre Is\u00e9\u00efon Montpellier), r\u00e9volutionnaire pourtant, en mati\u00e8re de travail sur <strong>les fascias en mouvement<\/strong>. La m\u00e9thode Bernadette de Gasquet est \u00e9galement int\u00e9gr\u00e9e \u00e0 <strong>ma m\u00e9thode PPPH (Press-P\u00e9rin\u00e9um-Paravertebral-Head)<\/strong>.<\/p>\t\t\t\t\t\t\t\t<\/div>\n\t\t\t\t<\/div>\n\t\t\t\t<div class=\"elementor-element elementor-element-ef6577b elementor-widget elementor-widget-text-editor\" data-id=\"ef6577b\" data-element_type=\"widget\" data-e-type=\"widget\" data-widget_type=\"text-editor.default\">\n\t\t\t\t<div class=\"elementor-widget-container\">\n\t\t\t\t\t\t\t\t\t<p>Mon enseignement, c\u2019est plus de 26 ans d\u2019exp\u00e9rience, de pratiques, d&rsquo;\u00e9tudes, de remises en question, et de r\u00e9flexions r\u00e9guli\u00e8res. D\u00e8s le d\u00e9but, j\u2019ai attir\u00e9 l&rsquo;attention de professionnels du milieu sportif et m\u00e9dical. Ainsi <b>j&rsquo;ai \u00e9t\u00e9 amen\u00e9e \u00e0 enseigner avec des exigences de plus en plus grandes, notamment celles requises pour les sportifs de haut niveau, ou les personnes handicap\u00e9es ou malades<\/b>.<br>Chaque cas \u00e9tant diff\u00e9rent, cela m&rsquo;a syst\u00e9matiquement pouss\u00e9 \u00e0 m&rsquo;adapter et parfois \u00e0 approfondir mes connaissances pour mes \u00e9l\u00e8ves.<\/p>\n<p>De ce fait, j\u2019ai suivi des formations compl\u00e9mentaires, entre autres en fasciath\u00e9rapie ( avec Alexandre Ceriani, professeur reconnu \u00e0 l\u2019ITMP). Puis, au fil du temps, j&rsquo;ai pass\u00e9 le dipl\u00f4me d\u2019orthokin\u00e9siste. Ainsi, avec l\u2019accord du fondateur des Cliniques OPS Christophe Otte,&nbsp; j&rsquo;ai ouvert mon cabinet sp\u00e9cialis\u00e9 en bilans de posture \u00e0 Paris en 2022. Bilan postural et semelles orthop\u00e9diques dynamiques \u00e0 Paris 1er (cliniqueops.com).<\/p>\n<p>Enfin, je me suis entour\u00e9e d&rsquo;autres professionnels de sant\u00e9 (kin\u00e9sith\u00e9rapeutes, psychologues, ost\u00e9opathes, mes coll\u00e8gues orthokin\u00e9sistes de Gen\u00e8ve et d\u2019ailleurs) dans le but d&rsquo;approfondir ma compr\u00e9hension sur le fonctionnement du corps ainsi que ces dysfonctionnements. Cette d\u00e9marche m&rsquo;a apport\u00e9 des nouvelles solutions sur le plan th\u00e9rapeutique dans la clinique OPS, et \u00e9galement dans les entrainements de Free Corpus.<\/p>\t\t\t\t\t\t\t\t<\/div>\n\t\t\t\t<\/div>\n\t\t\t\t<div class=\"elementor-element elementor-element-810c8ba elementor-widget elementor-widget-heading\" data-id=\"810c8ba\" data-element_type=\"widget\" data-e-type=\"widget\" data-widget_type=\"heading.default\">\n\t\t\t\t<div class=\"elementor-widget-container\">\n\t\t\t\t\t<h3 class=\"elementor-heading-title elementor-size-default\">\u00c9quilibrer le Corps sur le plan musculosquelettique et l\u2019\u00e9tat \u00e9motionnel par le Mouvement:<\/h3>\t\t\t\t<\/div>\n\t\t\t\t<\/div>\n\t\t\t\t<div class=\"elementor-element elementor-element-cbffaa7 elementor-widget elementor-widget-text-editor\" data-id=\"cbffaa7\" data-element_type=\"widget\" data-e-type=\"widget\" data-widget_type=\"text-editor.default\">\n\t\t\t\t<div class=\"elementor-widget-container\">\n\t\t\t\t\t\t\t\t\t<p>Je me suis toujours impliqu\u00e9e dans la compr\u00e9hension de la biom\u00e9canique, mais aussi dans la compr\u00e9hension des traumatismes <b>psychologiques ressentis et exprim\u00e9s par notre <\/b><strong>corps.<\/strong>\u00a0Je m&rsquo;engage \u00e9galement dans la possibilit\u00e9 d&rsquo;<b>apporter des solutions gr\u00e2ce au mouvement et \u00e0 l&rsquo;imagerie mentale<\/b>. <br \/><b>La plasticit\u00e9 neuronale, \u00e9motionnelle et plus globalement physique<\/b>, ont \u00e9t\u00e9 des moteurs essentiels dans mon travail. Un autre axe de travail a \u00e9t\u00e9 de d\u00e9velopper notre pouvoir \u00e0 agir sur nos \u00e9motions par le biais du mouvement, que ce soit avec du pilates, du yoga, de la danse, et\/ou d\u2019un sport adapt\u00e9.<\/p><p>Aujourd&rsquo;hui, <b>j&rsquo;apporte des solutions corporelles gr\u00e2ce \u00e0 mon exp\u00e9rience et mon expertise. J&rsquo;attends avec impatience de nouvelles collaborations pour am\u00e9liorer la vie de chacun-e. J&rsquo;interviens \u00e9galement avec des personnes victimes de violences physiques, morales et sexuelles, en compl\u00e9ment de leur prise en charge psychologique, psychiatrique, et de leurs autres soins.<\/b><\/p><p>En cas d&rsquo;entra\u00eenements recommand\u00e9s par un m\u00e9decin, en pr\u00e9 et postop\u00e9ratoires, <b>mon travail prend en compte l&rsquo;avis des m\u00e9decins et des chirurgiens, ainsi que du suivi kin\u00e9sith\u00e9rapeutique.<\/b><\/p>\t\t\t\t\t\t\t\t<\/div>\n\t\t\t\t<\/div>\n\t\t\t\t<div class=\"elementor-element elementor-element-4391744 elementor-widget elementor-widget-heading\" data-id=\"4391744\" data-element_type=\"widget\" data-e-type=\"widget\" data-widget_type=\"heading.default\">\n\t\t\t\t<div class=\"elementor-widget-container\">\n\t\t\t\t\t<h3 class=\"elementor-heading-title elementor-size-default\">Mes valeurs et mes engagements :<\/h3>\t\t\t\t<\/div>\n\t\t\t\t<\/div>\n\t\t\t\t<div class=\"elementor-element elementor-element-d02c6e2 elementor-widget-divider--view-line elementor-widget elementor-widget-divider\" data-id=\"d02c6e2\" data-element_type=\"widget\" data-e-type=\"widget\" data-widget_type=\"divider.default\">\n\t\t\t\t<div class=\"elementor-widget-container\">\n\t\t\t\t\t\t\t<div class=\"elementor-divider\">\n\t\t\t<span class=\"elementor-divider-separator\">\n\t\t\t\t\t\t<\/span>\n\t\t<\/div>\n\t\t\t\t\t\t<\/div>\n\t\t\t\t<\/div>\n\t\t\t\t\t<\/div>\n\t\t<\/div>\n\t\t\t\t\t<\/div>\n\t\t<\/section>\n\t\t\t\t<section class=\"elementor-section elementor-top-section elementor-element elementor-element-76711863 elementor-reverse-mobile elementor-section-boxed elementor-section-height-default elementor-section-height-default\" data-id=\"76711863\" data-element_type=\"section\" data-e-type=\"section\">\n\t\t\t\t\t\t<div class=\"elementor-container elementor-column-gap-default\">\n\t\t\t\t\t<div class=\"elementor-column elementor-col-50 elementor-top-column elementor-element elementor-element-539782e9\" data-id=\"539782e9\" data-element_type=\"column\" data-e-type=\"column\">\n\t\t\t<div class=\"elementor-widget-wrap elementor-element-populated\">\n\t\t\t\t\t\t<div class=\"elementor-element elementor-element-3ebfed19 elementor-widget elementor-widget-image\" data-id=\"3ebfed19\" data-element_type=\"widget\" data-e-type=\"widget\" data-widget_type=\"image.default\">\n\t\t\t\t<div class=\"elementor-widget-container\">\n\t\t\t\t\t\t\t\t\t\t\t\t\t\t\t<img fetchpriority=\"high\" decoding=\"async\" width=\"640\" height=\"368\" src=\"https:\/\/www.freecorpus.fr\/pilates-gym-posturale\/wp-content\/uploads\/2018\/05\/alaune-courspilatesfusion.jpg\" class=\"attachment-large size-large wp-image-10448\" alt=\"\" srcset=\"https:\/\/www.freecorpus.fr\/pilates-gym-posturale\/wp-content\/uploads\/2018\/05\/alaune-courspilatesfusion.jpg 640w, https:\/\/www.freecorpus.fr\/pilates-gym-posturale\/wp-content\/uploads\/2018\/05\/alaune-courspilatesfusion-300x173.jpg 300w\" sizes=\"(max-width: 640px) 100vw, 640px\" \/>\t\t\t\t\t\t\t\t\t\t\t\t\t\t\t<\/div>\n\t\t\t\t<\/div>\n\t\t\t\t\t<\/div>\n\t\t<\/div>\n\t\t\t\t<div class=\"elementor-column elementor-col-50 elementor-top-column elementor-element elementor-element-1b6abd7e\" data-id=\"1b6abd7e\" data-element_type=\"column\" data-e-type=\"column\">\n\t\t\t<div class=\"elementor-widget-wrap elementor-element-populated\">\n\t\t\t\t\t\t<div class=\"elementor-element elementor-element-21f3e099 elementor-widget elementor-widget-text-editor\" data-id=\"21f3e099\" data-element_type=\"widget\" data-e-type=\"widget\" data-widget_type=\"text-editor.default\">\n\t\t\t\t<div class=\"elementor-widget-container\">\n\t\t\t\t\t\t\t\t\t<div class=\"full-width last entry-content clearfix\"><ul><li>la p\u00e9dagogie positive<\/li><li>la reconnaissance que chaque individu a un tr\u00e9sor int\u00e9rieur \u00e0 explorer et \u00e0 partager<\/li><li>la prise en compte et la reconnaissance de chaque personne pour qui elle est<\/li><li>la diversit\u00e9 et la neuro-diversit\u00e9<\/li><li>l\u2019esprit collaboratif et bienveillant<\/li><li>le d\u00e9ploiement de nos qualit\u00e9s kin\u00e9sth\u00e9siques, sensorielles au profit de notre bien-\u00eatre et de notre sant\u00e9<\/li><li>un monde plus \u00e9galitaire, le droit des femmes, la protection des enfants<\/li><li>notre belle Plan\u00e8te<\/li><li>l\u2019Amour<\/li><\/ul><\/div>\t\t\t\t\t\t\t\t<\/div>\n\t\t\t\t<\/div>\n\t\t\t\t\t<\/div>\n\t\t<\/div>\n\t\t\t\t\t<\/div>\n\t\t<\/section>\n\t\t\t\t<section class=\"elementor-section elementor-top-section elementor-element elementor-element-215e27fb elementor-section-boxed elementor-section-height-default elementor-section-height-default\" data-id=\"215e27fb\" data-element_type=\"section\" data-e-type=\"section\">\n\t\t\t\t\t\t<div class=\"elementor-container elementor-column-gap-default\">\n\t\t\t\t\t<div class=\"elementor-column elementor-col-100 elementor-top-column elementor-element elementor-element-1ee86a0a\" data-id=\"1ee86a0a\" data-element_type=\"column\" data-e-type=\"column\">\n\t\t\t<div class=\"elementor-widget-wrap elementor-element-populated\">\n\t\t\t\t\t\t<div class=\"elementor-element elementor-element-7a7c1e67 elementor-widget elementor-widget-heading\" data-id=\"7a7c1e67\" data-element_type=\"widget\" data-e-type=\"widget\" data-widget_type=\"heading.default\">\n\t\t\t\t<div class=\"elementor-widget-container\">\n\t\t\t\t\t<h2 class=\"elementor-heading-title elementor-size-default\">Mes ambitions<\/h2>\t\t\t\t<\/div>\n\t\t\t\t<\/div>\n\t\t\t\t<div class=\"elementor-element elementor-element-37299f64 elementor-widget-divider--view-line elementor-widget elementor-widget-divider\" data-id=\"37299f64\" data-element_type=\"widget\" data-e-type=\"widget\" data-widget_type=\"divider.default\">\n\t\t\t\t<div class=\"elementor-widget-container\">\n\t\t\t\t\t\t\t<div class=\"elementor-divider\">\n\t\t\t<span class=\"elementor-divider-separator\">\n\t\t\t\t\t\t<\/span>\n\t\t<\/div>\n\t\t\t\t\t\t<\/div>\n\t\t\t\t<\/div>\n\t\t\t\t<div class=\"elementor-element elementor-element-67cb16e elementor-widget elementor-widget-text-editor\" data-id=\"67cb16e\" data-element_type=\"widget\" data-e-type=\"widget\" data-widget_type=\"text-editor.default\">\n\t\t\t\t<div class=\"elementor-widget-container\">\n\t\t\t\t\t\t\t\t\t<p><strong>Inviter chacun-e \u00e0 s\u2019incarner, \u00e0 remettre en lien \u201cle physique-mental-\u00e9motions\u201d<\/strong>, nous sommes CORPS.<\/p><p><strong>Participer \u00e0 la mise en relief, et \u00e0 une reconnaissance plus juste de tous les m\u00e9tiers du monde corporel<\/strong>, que ce soit dans la sant\u00e9, le sport, le bien-\u00eatre, l\u2019art, car ils-elles-nous sommes <strong>les clefs d\u2019une soci\u00e9t\u00e9 plus heureuse, plus cr\u00e9ative et autonome<\/strong>\u2026<\/p><p>Je me ferais un plaisir de vous partager la suite et l&rsquo;\u00e9volution de mes ambitions <a href=\"https:\/\/www.freecorpus.fr\/pilates-gym-posturale\/blog-free-corpus\/\">au travers du blog Free Corpus<\/a>.<\/p>\t\t\t\t\t\t\t\t<\/div>\n\t\t\t\t<\/div>\n\t\t\t\t<div class=\"elementor-element elementor-element-1b23e4a elementor-widget elementor-widget-heading\" data-id=\"1b23e4a\" data-element_type=\"widget\" data-e-type=\"widget\" data-widget_type=\"heading.default\">\n\t\t\t\t<div class=\"elementor-widget-container\">\n\t\t\t\t\t<h2 class=\"elementor-heading-title elementor-size-default\">Quelles applications pour quels bienfaits ?<\/h2>\t\t\t\t<\/div>\n\t\t\t\t<\/div>\n\t\t\t\t<div class=\"elementor-element elementor-element-21d6390 elementor-widget-divider--view-line elementor-widget elementor-widget-divider\" data-id=\"21d6390\" data-element_type=\"widget\" data-e-type=\"widget\" data-widget_type=\"divider.default\">\n\t\t\t\t<div class=\"elementor-widget-container\">\n\t\t\t\t\t\t\t<div class=\"elementor-divider\">\n\t\t\t<span class=\"elementor-divider-separator\">\n\t\t\t\t\t\t<\/span>\n\t\t<\/div>\n\t\t\t\t\t\t<\/div>\n\t\t\t\t<\/div>\n\t\t\t\t<div class=\"elementor-element elementor-element-dc62905 elementor-widget elementor-widget-text-editor\" data-id=\"dc62905\" data-element_type=\"widget\" data-e-type=\"widget\" data-widget_type=\"text-editor.default\">\n\t\t\t\t<div class=\"elementor-widget-container\">\n\t\t\t\t\t\t\t\t\t<p>Mon travail a d\u00e8s le d\u00e9but attir\u00e9 l\u2019attention de professionnels du milieu sportif et du secteur m\u00e9dical.<br>Ainsi, j&rsquo;ai \u00e9t\u00e9 amen\u00e9e \u00e0 enseigner avec des exigences de plus en plus grandes, telles que les r\u00e9clament le sportif de haut niveau comme la personne handicap\u00e9e ou malade.<\/p>\n<p>Mon approche holistique, \u00e0 la fois p\u00e9dagogique et th\u00e9rapeutique, prend en compte l&rsquo;avis des professionnels de sant\u00e9. Je veille \u00e0 ce que les besoins de chacun-e soient pris en compte<\/p>\t\t\t\t\t\t\t\t<\/div>\n\t\t\t\t<\/div>\n\t\t\t\t<div class=\"elementor-element elementor-element-326ddbf0 elementor-position-inline-start elementor-view-default elementor-mobile-position-block-start elementor-widget elementor-widget-icon-box\" data-id=\"326ddbf0\" data-element_type=\"widget\" data-e-type=\"widget\" data-widget_type=\"icon-box.default\">\n\t\t\t\t<div class=\"elementor-widget-container\">\n\t\t\t\t\t\t\t<div class=\"elementor-icon-box-wrapper\">\n\n\t\t\t\t\t\t<div class=\"elementor-icon-box-icon\">\n\t\t\t\t<span  class=\"elementor-icon\">\n\t\t\t\t<i aria-hidden=\"true\" class=\"fas fa-arrow-circle-right\"><\/i>\t\t\t\t<\/span>\n\t\t\t<\/div>\n\t\t\t\n\t\t\t\t\t\t<div class=\"elementor-icon-box-content\">\n\n\t\t\t\t\n\t\t\t\t\t\t\t\t\t<p class=\"elementor-icon-box-description\">\n\t\t\t\t\t\tPour le sportif, cette technique permet de compenser les traumatismes li\u00e9s au sur-entra\u00eenement, de r\u00e9cup\u00e9rer et de pr\u00e9parer le corps, en lui permettant de d\u00e9velopper ses potentiels de fa\u00e7on exponentielle.\t\t\t\t\t<\/p>\n\t\t\t\t\n\t\t\t<\/div>\n\t\t\t\n\t\t<\/div>\n\t\t\t\t\t\t<\/div>\n\t\t\t\t<\/div>\n\t\t\t\t<div class=\"elementor-element elementor-element-252a726 elementor-position-inline-start elementor-view-default elementor-mobile-position-block-start elementor-widget elementor-widget-icon-box\" data-id=\"252a726\" data-element_type=\"widget\" data-e-type=\"widget\" data-widget_type=\"icon-box.default\">\n\t\t\t\t<div class=\"elementor-widget-container\">\n\t\t\t\t\t\t\t<div class=\"elementor-icon-box-wrapper\">\n\n\t\t\t\t\t\t<div class=\"elementor-icon-box-icon\">\n\t\t\t\t<span  class=\"elementor-icon\">\n\t\t\t\t<i aria-hidden=\"true\" class=\"fas fa-arrow-circle-right\"><\/i>\t\t\t\t<\/span>\n\t\t\t<\/div>\n\t\t\t\n\t\t\t\t\t\t<div class=\"elementor-icon-box-content\">\n\n\t\t\t\t\n\t\t\t\t\t\t\t\t\t<p class=\"elementor-icon-box-description\">\n\t\t\t\t\t\tPour une personne en bonne sant\u00e9 qui souhaite ne faire que cela, cela lui permettra d\u2019harmoniser son \u00e9nergie corporelle et son syst\u00e8me nerveux, d\u2019harmoniser son corps et sa posture, de s\u2019entra\u00eener en respectant son corps et ses articulations\t\t\t\t\t<\/p>\n\t\t\t\t\n\t\t\t<\/div>\n\t\t\t\n\t\t<\/div>\n\t\t\t\t\t\t<\/div>\n\t\t\t\t<\/div>\n\t\t\t\t<div class=\"elementor-element elementor-element-1bb89a28 elementor-position-inline-start elementor-view-default elementor-mobile-position-block-start elementor-widget elementor-widget-icon-box\" data-id=\"1bb89a28\" data-element_type=\"widget\" data-e-type=\"widget\" data-widget_type=\"icon-box.default\">\n\t\t\t\t<div class=\"elementor-widget-container\">\n\t\t\t\t\t\t\t<div class=\"elementor-icon-box-wrapper\">\n\n\t\t\t\t\t\t<div class=\"elementor-icon-box-icon\">\n\t\t\t\t<span  class=\"elementor-icon\">\n\t\t\t\t<i aria-hidden=\"true\" class=\"fas fa-arrow-circle-right\"><\/i>\t\t\t\t<\/span>\n\t\t\t<\/div>\n\t\t\t\n\t\t\t\t\t\t<div class=\"elementor-icon-box-content\">\n\n\t\t\t\t\n\t\t\t\t\t\t\t\t\t<p class=\"elementor-icon-box-description\">\n\t\t\t\t\t\tPour une femme enceinte: elle prendra conscience d\u00e8s le d\u00e9part de son corps avec son b\u00e9b\u00e9, comprendra mieux les mouvements de son squelette pendant sa grossesse, apprendra \u00e0 se d\u00e9tendre en interaction avec son b\u00e9b\u00e9, et son entrainement am\u00e9liorera son syst\u00e8me circulatoire, son bien-\u00eatre corporel et le d\u00e9veloppement du b\u00e9b\u00e9.\t\t\t\t\t<\/p>\n\t\t\t\t\n\t\t\t<\/div>\n\t\t\t\n\t\t<\/div>\n\t\t\t\t\t\t<\/div>\n\t\t\t\t<\/div>\n\t\t\t\t<div class=\"elementor-element elementor-element-7664418c elementor-position-inline-start elementor-view-default elementor-mobile-position-block-start elementor-widget elementor-widget-icon-box\" data-id=\"7664418c\" data-element_type=\"widget\" data-e-type=\"widget\" data-widget_type=\"icon-box.default\">\n\t\t\t\t<div class=\"elementor-widget-container\">\n\t\t\t\t\t\t\t<div class=\"elementor-icon-box-wrapper\">\n\n\t\t\t\t\t\t<div class=\"elementor-icon-box-icon\">\n\t\t\t\t<span  class=\"elementor-icon\">\n\t\t\t\t<i aria-hidden=\"true\" class=\"fas fa-arrow-circle-right\"><\/i>\t\t\t\t<\/span>\n\t\t\t<\/div>\n\t\t\t\n\t\t\t\t\t\t<div class=\"elementor-icon-box-content\">\n\n\t\t\t\t\n\t\t\t\t\t\t\t\t\t<p class=\"elementor-icon-box-description\">\n\t\t\t\t\t\tPour une personne avec des probl\u00e8mes de dos ou autre (toujours sur avis m\u00e9dical et si n\u00e9cessaire en relation avec le m\u00e9decin, kin\u00e9sith\u00e9rapeute ou ost\u00e9opathe traitant), son entrainement tiendra compte de sa fragilit\u00e9 et renforcera les chaines musculaires sur l\u2019ensemble du corps en prot\u00e9geant la partie fragile.\t\t\t\t\t<\/p>\n\t\t\t\t\n\t\t\t<\/div>\n\t\t\t\n\t\t<\/div>\n\t\t\t\t\t\t<\/div>\n\t\t\t\t<\/div>\n\t\t\t\t<div class=\"elementor-element elementor-element-3126b146 elementor-position-inline-start elementor-view-default elementor-mobile-position-block-start elementor-widget elementor-widget-icon-box\" data-id=\"3126b146\" data-element_type=\"widget\" data-e-type=\"widget\" data-widget_type=\"icon-box.default\">\n\t\t\t\t<div class=\"elementor-widget-container\">\n\t\t\t\t\t\t\t<div class=\"elementor-icon-box-wrapper\">\n\n\t\t\t\t\t\t<div class=\"elementor-icon-box-icon\">\n\t\t\t\t<span  class=\"elementor-icon\">\n\t\t\t\t<i aria-hidden=\"true\" class=\"fas fa-arrow-circle-right\"><\/i>\t\t\t\t<\/span>\n\t\t\t<\/div>\n\t\t\t\n\t\t\t\t\t\t<div class=\"elementor-icon-box-content\">\n\n\t\t\t\t\n\t\t\t\t\t\t\t\t\t<p class=\"elementor-icon-box-description\">\n\t\t\t\t\t\tPour une personne handicap\u00e9e ou tr\u00e8s \u00e2g\u00e9e, l\u2019entrainement peut se faire allong\u00e9 ou sur un lit, dans le cas d\u2019une mobilit\u00e9 r\u00e9duite.\t\t\t\t\t<\/p>\n\t\t\t\t\n\t\t\t<\/div>\n\t\t\t\n\t\t<\/div>\n\t\t\t\t\t\t<\/div>\n\t\t\t\t<\/div>\n\t\t\t\t<div class=\"elementor-element elementor-element-dcb15d7 elementor-widget elementor-widget-spacer\" data-id=\"dcb15d7\" data-element_type=\"widget\" data-e-type=\"widget\" data-widget_type=\"spacer.default\">\n\t\t\t\t<div class=\"elementor-widget-container\">\n\t\t\t\t\t\t\t<div class=\"elementor-spacer\">\n\t\t\t<div class=\"elementor-spacer-inner\"><\/div>\n\t\t<\/div>\n\t\t\t\t\t\t<\/div>\n\t\t\t\t<\/div>\n\t\t\t\t<div class=\"elementor-element elementor-element-f1ee705 elementor-widget elementor-widget-heading\" data-id=\"f1ee705\" data-element_type=\"widget\" data-e-type=\"widget\" data-widget_type=\"heading.default\">\n\t\t\t\t<div class=\"elementor-widget-container\">\n\t\t\t\t\t<h2 class=\"elementor-heading-title elementor-size-default\">Dipl\u00f4mes, formations et reconnaissances<\/h2>\t\t\t\t<\/div>\n\t\t\t\t<\/div>\n\t\t\t\t<div class=\"elementor-element elementor-element-f09d4ec elementor-widget-divider--view-line elementor-widget elementor-widget-divider\" data-id=\"f09d4ec\" data-element_type=\"widget\" data-e-type=\"widget\" data-widget_type=\"divider.default\">\n\t\t\t\t<div class=\"elementor-widget-container\">\n\t\t\t\t\t\t\t<div class=\"elementor-divider\">\n\t\t\t<span class=\"elementor-divider-separator\">\n\t\t\t\t\t\t<\/span>\n\t\t<\/div>\n\t\t\t\t\t\t<\/div>\n\t\t\t\t<\/div>\n\t\t\t\t\t<\/div>\n\t\t<\/div>\n\t\t\t\t\t<\/div>\n\t\t<\/section>\n\t\t\t\t<section class=\"elementor-section elementor-top-section elementor-element elementor-element-75ebc90d elementor-section-boxed elementor-section-height-default elementor-section-height-default\" data-id=\"75ebc90d\" data-element_type=\"section\" data-e-type=\"section\">\n\t\t\t\t\t\t<div class=\"elementor-container elementor-column-gap-default\">\n\t\t\t\t\t<div class=\"elementor-column elementor-col-50 elementor-top-column elementor-element elementor-element-55708f67\" data-id=\"55708f67\" data-element_type=\"column\" data-e-type=\"column\">\n\t\t\t<div class=\"elementor-widget-wrap elementor-element-populated\">\n\t\t\t\t\t\t<div class=\"elementor-element elementor-element-ca1f3c2 elementor-icon-list--layout-traditional elementor-list-item-link-full_width elementor-widget elementor-widget-icon-list\" data-id=\"ca1f3c2\" data-element_type=\"widget\" data-e-type=\"widget\" data-widget_type=\"icon-list.default\">\n\t\t\t\t<div class=\"elementor-widget-container\">\n\t\t\t\t\t\t\t<ul class=\"elementor-icon-list-items\">\n\t\t\t\t\t\t\t<li class=\"elementor-icon-list-item\">\n\t\t\t\t\t\t\t\t\t\t\t<a href=\"http:\/\/www.cnsmd-lyon.fr\/\">\n\n\t\t\t\t\t\t\t\t\t\t\t\t<span class=\"elementor-icon-list-icon\">\n\t\t\t\t\t\t\t<i aria-hidden=\"true\" class=\"fas fa-star-of-life\"><\/i>\t\t\t\t\t\t<\/span>\n\t\t\t\t\t\t\t\t\t\t<span class=\"elementor-icon-list-text\">Dipl\u00f4m\u00e9e du CNSMD | Conservatoire National Sup\u00e9rieur Musique et Danse de Lyon (cnsmd-lyon.fr)<\/span>\n\t\t\t\t\t\t\t\t\t\t\t<\/a>\n\t\t\t\t\t\t\t\t\t<\/li>\n\t\t\t\t\t\t\t\t<li class=\"elementor-icon-list-item\">\n\t\t\t\t\t\t\t\t\t\t\t<span class=\"elementor-icon-list-icon\">\n\t\t\t\t\t\t\t<i aria-hidden=\"true\" class=\"fas fa-star-of-life\"><\/i>\t\t\t\t\t\t<\/span>\n\t\t\t\t\t\t\t\t\t\t<span class=\"elementor-icon-list-text\">DE danse<\/span>\n\t\t\t\t\t\t\t\t\t<\/li>\n\t\t\t\t\t\t\t\t<li class=\"elementor-icon-list-item\">\n\t\t\t\t\t\t\t\t\t\t\t<span class=\"elementor-icon-list-icon\">\n\t\t\t\t\t\t\t<i aria-hidden=\"true\" class=\"fas fa-star-of-life\"><\/i>\t\t\t\t\t\t<\/span>\n\t\t\t\t\t\t\t\t\t\t<span class=\"elementor-icon-list-text\">Dipl\u00f4m\u00e9e en Orthokin\u00e9sie<\/span>\n\t\t\t\t\t\t\t\t\t<\/li>\n\t\t\t\t\t\t\t\t<li class=\"elementor-icon-list-item\">\n\t\t\t\t\t\t\t\t\t\t\t<span class=\"elementor-icon-list-icon\">\n\t\t\t\t\t\t\t<i aria-hidden=\"true\" class=\"fas fa-star-of-life\"><\/i>\t\t\t\t\t\t<\/span>\n\t\t\t\t\t\t\t\t\t\t<span class=\"elementor-icon-list-text\">Abords manuels des tissus conjonctifs (ITMP)<\/span>\n\t\t\t\t\t\t\t\t\t<\/li>\n\t\t\t\t\t\t\t\t<li class=\"elementor-icon-list-item\">\n\t\t\t\t\t\t\t\t\t\t\t<span class=\"elementor-icon-list-icon\">\n\t\t\t\t\t\t\t<i aria-hidden=\"true\" class=\"fas fa-star-of-life\"><\/i>\t\t\t\t\t\t<\/span>\n\t\t\t\t\t\t\t\t\t\t<span class=\"elementor-icon-list-text\">Fasciath\u00e9rapie<\/span>\n\t\t\t\t\t\t\t\t\t<\/li>\n\t\t\t\t\t\t\t\t<li class=\"elementor-icon-list-item\">\n\t\t\t\t\t\t\t\t\t\t\t<a href=\"https:\/\/www.cliniqueops.com\/cabinet-d-orthokinesie\/posturologue-podologue-osteopathe-a-paris-1er-blog-article-54-fr.htm\">\n\n\t\t\t\t\t\t\t\t\t\t\t\t<span class=\"elementor-icon-list-icon\">\n\t\t\t\t\t\t\t<i aria-hidden=\"true\" class=\"fas fa-star-of-life\"><\/i>\t\t\t\t\t\t<\/span>\n\t\t\t\t\t\t\t\t\t\t<span class=\"elementor-icon-list-text\">Orthokin\u00e9siste-Posturologue-Orthop\u00e9diste :  Bilan postural et semelles orthop\u00e9diques dynamiques \u00e0 Paris 1er<\/span>\n\t\t\t\t\t\t\t\t\t\t\t<\/a>\n\t\t\t\t\t\t\t\t\t<\/li>\n\t\t\t\t\t\t\t\t<li class=\"elementor-icon-list-item\">\n\t\t\t\t\t\t\t\t\t\t\t<span class=\"elementor-icon-list-icon\">\n\t\t\t\t\t\t\t<i aria-hidden=\"true\" class=\"fas fa-star-of-life\"><\/i>\t\t\t\t\t\t<\/span>\n\t\t\t\t\t\t\t\t\t\t<span class=\"elementor-icon-list-text\">CQPALS<\/span>\n\t\t\t\t\t\t\t\t\t<\/li>\n\t\t\t\t\t\t\t\t<li class=\"elementor-icon-list-item\">\n\t\t\t\t\t\t\t\t\t\t\t<span class=\"elementor-icon-list-icon\">\n\t\t\t\t\t\t\t<i aria-hidden=\"true\" class=\"fas fa-star-of-life\"><\/i>\t\t\t\t\t\t<\/span>\n\t\t\t\t\t\t\t\t\t\t<span class=\"elementor-icon-list-text\">Admise sur la liste officielle des Professeur-es aux Conservatoires de Paris sous la juridiction de Brigitte Lef\u00e8vre en 2000 ( ancienne Directrice de l'Op\u00e9ra de Paris)<\/span>\n\t\t\t\t\t\t\t\t\t<\/li>\n\t\t\t\t\t\t\t\t<li class=\"elementor-icon-list-item\">\n\t\t\t\t\t\t\t\t\t\t\t<span class=\"elementor-icon-list-icon\">\n\t\t\t\t\t\t\t<i aria-hidden=\"true\" class=\"fas fa-star-of-life\"><\/i>\t\t\t\t\t\t<\/span>\n\t\t\t\t\t\t\t\t\t\t<span class=\"elementor-icon-list-text\">Biom\u00e9canique Blandine Calais Germaine et Odile Rouquet<\/span>\n\t\t\t\t\t\t\t\t\t<\/li>\n\t\t\t\t\t\t\t\t<li class=\"elementor-icon-list-item\">\n\t\t\t\t\t\t\t\t\t\t\t<span class=\"elementor-icon-list-icon\">\n\t\t\t\t\t\t\t<i aria-hidden=\"true\" class=\"fas fa-star-of-life\"><\/i>\t\t\t\t\t\t<\/span>\n\t\t\t\t\t\t\t\t\t\t<span class=\"elementor-icon-list-text\">Formation Yoga Pr\u00e9natal Bernadette de Gasquet<\/span>\n\t\t\t\t\t\t\t\t\t<\/li>\n\t\t\t\t\t\t\t\t<li class=\"elementor-icon-list-item\">\n\t\t\t\t\t\t\t\t\t\t\t<span class=\"elementor-icon-list-icon\">\n\t\t\t\t\t\t\t<i aria-hidden=\"true\" class=\"fas fa-star-of-life\"><\/i>\t\t\t\t\t\t<\/span>\n\t\t\t\t\t\t\t\t\t\t<span class=\"elementor-icon-list-text\">Membre Mensa <\/span>\n\t\t\t\t\t\t\t\t\t<\/li>\n\t\t\t\t\t\t\t\t<li class=\"elementor-icon-list-item\">\n\t\t\t\t\t\t\t\t\t\t\t<span class=\"elementor-icon-list-icon\">\n\t\t\t\t\t\t\t<i aria-hidden=\"true\" class=\"fas fa-star-of-life\"><\/i>\t\t\t\t\t\t<\/span>\n\t\t\t\t\t\t\t\t\t\t<span class=\"elementor-icon-list-text\">\u221e<\/span>\n\t\t\t\t\t\t\t\t\t<\/li>\n\t\t\t\t\t\t<\/ul>\n\t\t\t\t\t\t<\/div>\n\t\t\t\t<\/div>\n\t\t\t\t<div class=\"elementor-element elementor-element-ad0fefd elementor-widget elementor-widget-heading\" data-id=\"ad0fefd\" data-element_type=\"widget\" data-e-type=\"widget\" data-widget_type=\"heading.default\">\n\t\t\t\t<div class=\"elementor-widget-container\">\n\t\t\t\t\t<h3 class=\"elementor-heading-title elementor-size-default\">Personnes avec lesquelles j'ai eu la chance de danser:<\/h3>\t\t\t\t<\/div>\n\t\t\t\t<\/div>\n\t\t\t\t<div class=\"elementor-element elementor-element-2e072b27 elementor-widget elementor-widget-text-editor\" data-id=\"2e072b27\" data-element_type=\"widget\" data-e-type=\"widget\" data-widget_type=\"text-editor.default\">\n\t\t\t\t<div class=\"elementor-widget-container\">\n\t\t\t\t\t\t\t\t\t\nMarie-France Delieuvin,\u00a0Wilfried Piollet, Benjamin Millepied et d&rsquo;autres.\n\t\t\t\t\t\t\t\t<\/div>\n\t\t\t\t<\/div>\n\t\t\t\t<div class=\"elementor-element elementor-element-ed2c239 elementor-widget elementor-widget-heading\" data-id=\"ed2c239\" data-element_type=\"widget\" data-e-type=\"widget\" data-widget_type=\"heading.default\">\n\t\t\t\t<div class=\"elementor-widget-container\">\n\t\t\t\t\t<h3 class=\"elementor-heading-title elementor-size-default\">Ils me font confiance :<\/h3>\t\t\t\t<\/div>\n\t\t\t\t<\/div>\n\t\t\t\t<div class=\"elementor-element elementor-element-1b2a108 elementor-widget elementor-widget-text-editor\" data-id=\"1b2a108\" data-element_type=\"widget\" data-e-type=\"widget\" data-widget_type=\"text-editor.default\">\n\t\t\t\t<div class=\"elementor-widget-container\">\n\t\t\t\t\t\t\t\t\tIGN, MAIF, THALES, Soci\u00e9t\u00e9 G\u00e9n\u00e9rale, Lily Facilite La Vie, H\u00f4pital Saint Antoine\n\n\t\t\t\t\t\t\t\t<\/div>\n\t\t\t\t<\/div>\n\t\t\t\t\t<\/div>\n\t\t<\/div>\n\t\t\t\t<div class=\"elementor-column elementor-col-50 elementor-top-column elementor-element elementor-element-2f700760\" data-id=\"2f700760\" data-element_type=\"column\" data-e-type=\"column\">\n\t\t\t<div class=\"elementor-widget-wrap elementor-element-populated\">\n\t\t\t\t\t\t<div class=\"elementor-element elementor-element-19b108b1 elementor-widget elementor-widget-image\" data-id=\"19b108b1\" data-element_type=\"widget\" data-e-type=\"widget\" data-widget_type=\"image.default\">\n\t\t\t\t<div class=\"elementor-widget-container\">\n\t\t\t\t\t\t\t\t\t\t\t\t\t\t\t<img decoding=\"async\" width=\"586\" height=\"1024\" src=\"https:\/\/www.freecorpus.fr\/pilates-gym-posturale\/wp-content\/uploads\/2024\/08\/Portrait-2024-586x1024.jpg\" class=\"attachment-large size-large wp-image-14463\" alt=\"\" srcset=\"https:\/\/www.freecorpus.fr\/pilates-gym-posturale\/wp-content\/uploads\/2024\/08\/Portrait-2024-586x1024.jpg 586w, https:\/\/www.freecorpus.fr\/pilates-gym-posturale\/wp-content\/uploads\/2024\/08\/Portrait-2024-172x300.jpg 172w, https:\/\/www.freecorpus.fr\/pilates-gym-posturale\/wp-content\/uploads\/2024\/08\/Portrait-2024-768x1341.jpg 768w, https:\/\/www.freecorpus.fr\/pilates-gym-posturale\/wp-content\/uploads\/2024\/08\/Portrait-2024-879x1536.jpg 879w, https:\/\/www.freecorpus.fr\/pilates-gym-posturale\/wp-content\/uploads\/2024\/08\/Portrait-2024.jpg 1050w\" sizes=\"(max-width: 586px) 100vw, 586px\" \/>\t\t\t\t\t\t\t\t\t\t\t\t\t\t\t<\/div>\n\t\t\t\t<\/div>\n\t\t\t\t\t<\/div>\n\t\t<\/div>\n\t\t\t\t\t<\/div>\n\t\t<\/section>\n\t\t\t\t<section class=\"elementor-section elementor-top-section elementor-element elementor-element-1a8048a8 elementor-section-boxed elementor-section-height-default elementor-section-height-default\" data-id=\"1a8048a8\" data-element_type=\"section\" data-e-type=\"section\">\n\t\t\t\t\t\t<div class=\"elementor-container elementor-column-gap-default\">\n\t\t\t\t\t<div class=\"elementor-column elementor-col-100 elementor-top-column elementor-element elementor-element-3106a823\" data-id=\"3106a823\" data-element_type=\"column\" data-e-type=\"column\">\n\t\t\t<div class=\"elementor-widget-wrap elementor-element-populated\">\n\t\t\t\t\t\t<div class=\"elementor-element elementor-element-2719b279 elementor-widget elementor-widget-heading\" data-id=\"2719b279\" data-element_type=\"widget\" data-e-type=\"widget\" data-widget_type=\"heading.default\">\n\t\t\t\t<div class=\"elementor-widget-container\">\n\t\t\t\t\t<h2 class=\"elementor-heading-title elementor-size-default\">En conclusion<\/h2>\t\t\t\t<\/div>\n\t\t\t\t<\/div>\n\t\t\t\t<div class=\"elementor-element elementor-element-66a78214 elementor-widget-divider--view-line elementor-widget elementor-widget-divider\" data-id=\"66a78214\" data-element_type=\"widget\" data-e-type=\"widget\" data-widget_type=\"divider.default\">\n\t\t\t\t<div class=\"elementor-widget-container\">\n\t\t\t\t\t\t\t<div class=\"elementor-divider\">\n\t\t\t<span class=\"elementor-divider-separator\">\n\t\t\t\t\t\t<\/span>\n\t\t<\/div>\n\t\t\t\t\t\t<\/div>\n\t\t\t\t<\/div>\n\t\t\t\t<div class=\"elementor-element elementor-element-b5fc784 elementor-widget elementor-widget-text-editor\" data-id=\"b5fc784\" data-element_type=\"widget\" data-e-type=\"widget\" data-widget_type=\"text-editor.default\">\n\t\t\t\t<div class=\"elementor-widget-container\">\n\t\t\t\t\t\t\t\t\t<p>Cette m\u00e9thode s\u2019adapte \u00e0 chaque cas en harmonisant syst\u00e8me nerveux, corps, et esprit, sous la forme d\u2019exercices \u00e0 l\u2019aspect ludique.\u00a0 La personne acqui\u00e8re une meilleure gestion de son corps, de ses \u00e9motions, et gagne en connaissance et en confiance en soi.<\/p>\t\t\t\t\t\t\t\t<\/div>\n\t\t\t\t<\/div>\n\t\t\t\t\t<\/div>\n\t\t<\/div>\n\t\t\t\t\t<\/div>\n\t\t<\/section>\n\t\t\t\t<\/div>\n\t\t","protected":false},"excerpt":{"rendered":"<p>Notre d\u00e9marche Notre corps, c&rsquo;est notre capital de vie Celui qui nous fait marcher, aller au travail, courir dans les bras d\u2019un \u00eatre aim\u00e9, \u00e9prouver des \u00e9motions, attraper, caresser, bondir, courir, grimper, voir, sentir, penser, cr\u00e9er, fabriquer, c\u2019est notre corps.Notre corps pris en compte c\u2019est un meilleur \u00e9quilibre sur nos deux pieds et dans notre [&hellip;]<\/p>\n","protected":false},"author":13,"featured_media":0,"parent":0,"menu_order":0,"comment_status":"closed","ping_status":"closed","template":"","meta":{"_acf_changed":false,"footnotes":""},"class_list":["post-4047","page","type-page","status-publish","hentry"],"acf":[],"yoast_head":"<!-- This site is optimized with the Yoast SEO plugin v27.4 - https:\/\/yoast.com\/product\/yoast-seo-wordpress\/ -->\n<title>Notre d\u00e9marche - Pilates et Yoga \u00e0 Vincennes<\/title>\n<meta name=\"robots\" content=\"index, follow, max-snippet:-1, max-image-preview:large, max-video-preview:-1\" \/>\n<link rel=\"canonical\" href=\"https:\/\/www.freecorpus.fr\/pilates-gym-posturale\/methode-albane-dantras-freecorpus\/\" \/>\n<meta property=\"og:locale\" content=\"fr_FR\" \/>\n<meta property=\"og:type\" content=\"article\" \/>\n<meta property=\"og:title\" content=\"Notre d\u00e9marche - Pilates et Yoga \u00e0 Vincennes\" \/>\n<meta property=\"og:description\" content=\"Notre d\u00e9marche Notre corps, c&rsquo;est notre capital de vie Celui qui nous fait marcher, aller au travail, courir dans les bras d\u2019un \u00eatre aim\u00e9, \u00e9prouver des \u00e9motions, attraper, caresser, bondir, courir, grimper, voir, sentir, penser, cr\u00e9er, fabriquer, c\u2019est notre corps.Notre corps pris en compte c\u2019est un meilleur \u00e9quilibre sur nos deux pieds et dans notre [&hellip;]\" \/>\n<meta property=\"og:url\" content=\"https:\/\/www.freecorpus.fr\/pilates-gym-posturale\/methode-albane-dantras-freecorpus\/\" \/>\n<meta property=\"og:site_name\" content=\"Pilates et Yoga \u00e0 Vincennes\" \/>\n<meta property=\"article:modified_time\" content=\"2024-08-26T14:40:44+00:00\" \/>\n<meta property=\"og:image\" content=\"https:\/\/www.freecorpus.fr\/pilates-gym-posturale\/wp-content\/uploads\/2018\/05\/alaune-courspilatesfusion.jpg\" \/>\n<meta name=\"twitter:card\" content=\"summary_large_image\" \/>\n<meta name=\"twitter:label1\" content=\"Dur\u00e9e de lecture estim\u00e9e\" \/>\n\t<meta name=\"twitter:data1\" content=\"6 minutes\" \/>\n<script type=\"application\/ld+json\" class=\"yoast-schema-graph\">{\"@context\":\"https:\\\/\\\/schema.org\",\"@graph\":[{\"@type\":\"WebPage\",\"@id\":\"https:\\\/\\\/www.freecorpus.fr\\\/pilates-gym-posturale\\\/methode-albane-dantras-freecorpus\\\/\",\"url\":\"https:\\\/\\\/www.freecorpus.fr\\\/pilates-gym-posturale\\\/methode-albane-dantras-freecorpus\\\/\",\"name\":\"Notre d\u00e9marche - Pilates et Yoga \u00e0 Vincennes\",\"isPartOf\":{\"@id\":\"https:\\\/\\\/www.freecorpus.fr\\\/pilates-gym-posturale\\\/#website\"},\"primaryImageOfPage\":{\"@id\":\"https:\\\/\\\/www.freecorpus.fr\\\/pilates-gym-posturale\\\/methode-albane-dantras-freecorpus\\\/#primaryimage\"},\"image\":{\"@id\":\"https:\\\/\\\/www.freecorpus.fr\\\/pilates-gym-posturale\\\/methode-albane-dantras-freecorpus\\\/#primaryimage\"},\"thumbnailUrl\":\"https:\\\/\\\/www.freecorpus.fr\\\/pilates-gym-posturale\\\/wp-content\\\/uploads\\\/2018\\\/05\\\/alaune-courspilatesfusion.jpg\",\"datePublished\":\"2013-05-09T08:40:45+00:00\",\"dateModified\":\"2024-08-26T14:40:44+00:00\",\"breadcrumb\":{\"@id\":\"https:\\\/\\\/www.freecorpus.fr\\\/pilates-gym-posturale\\\/methode-albane-dantras-freecorpus\\\/#breadcrumb\"},\"inLanguage\":\"fr-FR\",\"potentialAction\":[{\"@type\":\"ReadAction\",\"target\":[\"https:\\\/\\\/www.freecorpus.fr\\\/pilates-gym-posturale\\\/methode-albane-dantras-freecorpus\\\/\"]}]},{\"@type\":\"ImageObject\",\"inLanguage\":\"fr-FR\",\"@id\":\"https:\\\/\\\/www.freecorpus.fr\\\/pilates-gym-posturale\\\/methode-albane-dantras-freecorpus\\\/#primaryimage\",\"url\":\"https:\\\/\\\/www.freecorpus.fr\\\/pilates-gym-posturale\\\/wp-content\\\/uploads\\\/2018\\\/05\\\/alaune-courspilatesfusion.jpg\",\"contentUrl\":\"https:\\\/\\\/www.freecorpus.fr\\\/pilates-gym-posturale\\\/wp-content\\\/uploads\\\/2018\\\/05\\\/alaune-courspilatesfusion.jpg\",\"width\":640,\"height\":368},{\"@type\":\"BreadcrumbList\",\"@id\":\"https:\\\/\\\/www.freecorpus.fr\\\/pilates-gym-posturale\\\/methode-albane-dantras-freecorpus\\\/#breadcrumb\",\"itemListElement\":[{\"@type\":\"ListItem\",\"position\":1,\"name\":\"Accueil\",\"item\":\"https:\\\/\\\/www.freecorpus.fr\\\/pilates-gym-posturale\\\/\"},{\"@type\":\"ListItem\",\"position\":2,\"name\":\"Notre d\u00e9marche\"}]},{\"@type\":\"WebSite\",\"@id\":\"https:\\\/\\\/www.freecorpus.fr\\\/pilates-gym-posturale\\\/#website\",\"url\":\"https:\\\/\\\/www.freecorpus.fr\\\/pilates-gym-posturale\\\/\",\"name\":\"Pilates et Yoga \u00e0 Vincennes\",\"description\":\"FreeCorpus Sur la voie du corps - Albane Dantras\",\"publisher\":{\"@id\":\"https:\\\/\\\/www.freecorpus.fr\\\/pilates-gym-posturale\\\/#organization\"},\"potentialAction\":[{\"@type\":\"SearchAction\",\"target\":{\"@type\":\"EntryPoint\",\"urlTemplate\":\"https:\\\/\\\/www.freecorpus.fr\\\/pilates-gym-posturale\\\/?s={search_term_string}\"},\"query-input\":{\"@type\":\"PropertyValueSpecification\",\"valueRequired\":true,\"valueName\":\"search_term_string\"}}],\"inLanguage\":\"fr-FR\"},{\"@type\":\"Organization\",\"@id\":\"https:\\\/\\\/www.freecorpus.fr\\\/pilates-gym-posturale\\\/#organization\",\"name\":\"Pilates et Yoga \u00e0 Vincennes\",\"url\":\"https:\\\/\\\/www.freecorpus.fr\\\/pilates-gym-posturale\\\/\",\"logo\":{\"@type\":\"ImageObject\",\"inLanguage\":\"fr-FR\",\"@id\":\"https:\\\/\\\/www.freecorpus.fr\\\/pilates-gym-posturale\\\/#\\\/schema\\\/logo\\\/image\\\/\",\"url\":\"https:\\\/\\\/www.freecorpus.fr\\\/pilates-gym-posturale\\\/wp-content\\\/uploads\\\/2022\\\/10\\\/LOGO_FREECORPUS-2022_06-1-removebg-preview.png\",\"contentUrl\":\"https:\\\/\\\/www.freecorpus.fr\\\/pilates-gym-posturale\\\/wp-content\\\/uploads\\\/2022\\\/10\\\/LOGO_FREECORPUS-2022_06-1-removebg-preview.png\",\"width\":249,\"height\":80,\"caption\":\"Pilates et Yoga \u00e0 Vincennes\"},\"image\":{\"@id\":\"https:\\\/\\\/www.freecorpus.fr\\\/pilates-gym-posturale\\\/#\\\/schema\\\/logo\\\/image\\\/\"}}]}<\/script>\n<!-- \/ Yoast SEO plugin. -->","yoast_head_json":{"title":"Notre d\u00e9marche - Pilates et Yoga \u00e0 Vincennes","robots":{"index":"index","follow":"follow","max-snippet":"max-snippet:-1","max-image-preview":"max-image-preview:large","max-video-preview":"max-video-preview:-1"},"canonical":"https:\/\/www.freecorpus.fr\/pilates-gym-posturale\/methode-albane-dantras-freecorpus\/","og_locale":"fr_FR","og_type":"article","og_title":"Notre d\u00e9marche - Pilates et Yoga \u00e0 Vincennes","og_description":"Notre d\u00e9marche Notre corps, c&rsquo;est notre capital de vie Celui qui nous fait marcher, aller au travail, courir dans les bras d\u2019un \u00eatre aim\u00e9, \u00e9prouver des \u00e9motions, attraper, caresser, bondir, courir, grimper, voir, sentir, penser, cr\u00e9er, fabriquer, c\u2019est notre corps.Notre corps pris en compte c\u2019est un meilleur \u00e9quilibre sur nos deux pieds et dans notre [&hellip;]","og_url":"https:\/\/www.freecorpus.fr\/pilates-gym-posturale\/methode-albane-dantras-freecorpus\/","og_site_name":"Pilates et Yoga \u00e0 Vincennes","article_modified_time":"2024-08-26T14:40:44+00:00","og_image":[{"url":"https:\/\/www.freecorpus.fr\/pilates-gym-posturale\/wp-content\/uploads\/2018\/05\/alaune-courspilatesfusion.jpg","type":"","width":"","height":""}],"twitter_card":"summary_large_image","twitter_misc":{"Dur\u00e9e de lecture estim\u00e9e":"6 minutes"},"schema":{"@context":"https:\/\/schema.org","@graph":[{"@type":"WebPage","@id":"https:\/\/www.freecorpus.fr\/pilates-gym-posturale\/methode-albane-dantras-freecorpus\/","url":"https:\/\/www.freecorpus.fr\/pilates-gym-posturale\/methode-albane-dantras-freecorpus\/","name":"Notre d\u00e9marche - Pilates et Yoga \u00e0 Vincennes","isPartOf":{"@id":"https:\/\/www.freecorpus.fr\/pilates-gym-posturale\/#website"},"primaryImageOfPage":{"@id":"https:\/\/www.freecorpus.fr\/pilates-gym-posturale\/methode-albane-dantras-freecorpus\/#primaryimage"},"image":{"@id":"https:\/\/www.freecorpus.fr\/pilates-gym-posturale\/methode-albane-dantras-freecorpus\/#primaryimage"},"thumbnailUrl":"https:\/\/www.freecorpus.fr\/pilates-gym-posturale\/wp-content\/uploads\/2018\/05\/alaune-courspilatesfusion.jpg","datePublished":"2013-05-09T08:40:45+00:00","dateModified":"2024-08-26T14:40:44+00:00","breadcrumb":{"@id":"https:\/\/www.freecorpus.fr\/pilates-gym-posturale\/methode-albane-dantras-freecorpus\/#breadcrumb"},"inLanguage":"fr-FR","potentialAction":[{"@type":"ReadAction","target":["https:\/\/www.freecorpus.fr\/pilates-gym-posturale\/methode-albane-dantras-freecorpus\/"]}]},{"@type":"ImageObject","inLanguage":"fr-FR","@id":"https:\/\/www.freecorpus.fr\/pilates-gym-posturale\/methode-albane-dantras-freecorpus\/#primaryimage","url":"https:\/\/www.freecorpus.fr\/pilates-gym-posturale\/wp-content\/uploads\/2018\/05\/alaune-courspilatesfusion.jpg","contentUrl":"https:\/\/www.freecorpus.fr\/pilates-gym-posturale\/wp-content\/uploads\/2018\/05\/alaune-courspilatesfusion.jpg","width":640,"height":368},{"@type":"BreadcrumbList","@id":"https:\/\/www.freecorpus.fr\/pilates-gym-posturale\/methode-albane-dantras-freecorpus\/#breadcrumb","itemListElement":[{"@type":"ListItem","position":1,"name":"Accueil","item":"https:\/\/www.freecorpus.fr\/pilates-gym-posturale\/"},{"@type":"ListItem","position":2,"name":"Notre d\u00e9marche"}]},{"@type":"WebSite","@id":"https:\/\/www.freecorpus.fr\/pilates-gym-posturale\/#website","url":"https:\/\/www.freecorpus.fr\/pilates-gym-posturale\/","name":"Pilates et Yoga \u00e0 Vincennes","description":"FreeCorpus Sur la voie du corps - Albane Dantras","publisher":{"@id":"https:\/\/www.freecorpus.fr\/pilates-gym-posturale\/#organization"},"potentialAction":[{"@type":"SearchAction","target":{"@type":"EntryPoint","urlTemplate":"https:\/\/www.freecorpus.fr\/pilates-gym-posturale\/?s={search_term_string}"},"query-input":{"@type":"PropertyValueSpecification","valueRequired":true,"valueName":"search_term_string"}}],"inLanguage":"fr-FR"},{"@type":"Organization","@id":"https:\/\/www.freecorpus.fr\/pilates-gym-posturale\/#organization","name":"Pilates et Yoga \u00e0 Vincennes","url":"https:\/\/www.freecorpus.fr\/pilates-gym-posturale\/","logo":{"@type":"ImageObject","inLanguage":"fr-FR","@id":"https:\/\/www.freecorpus.fr\/pilates-gym-posturale\/#\/schema\/logo\/image\/","url":"https:\/\/www.freecorpus.fr\/pilates-gym-posturale\/wp-content\/uploads\/2022\/10\/LOGO_FREECORPUS-2022_06-1-removebg-preview.png","contentUrl":"https:\/\/www.freecorpus.fr\/pilates-gym-posturale\/wp-content\/uploads\/2022\/10\/LOGO_FREECORPUS-2022_06-1-removebg-preview.png","width":249,"height":80,"caption":"Pilates et Yoga \u00e0 Vincennes"},"image":{"@id":"https:\/\/www.freecorpus.fr\/pilates-gym-posturale\/#\/schema\/logo\/image\/"}}]}},"_links":{"self":[{"href":"https:\/\/www.freecorpus.fr\/pilates-gym-posturale\/wp-json\/wp\/v2\/pages\/4047","targetHints":{"allow":["GET"]}}],"collection":[{"href":"https:\/\/www.freecorpus.fr\/pilates-gym-posturale\/wp-json\/wp\/v2\/pages"}],"about":[{"href":"https:\/\/www.freecorpus.fr\/pilates-gym-posturale\/wp-json\/wp\/v2\/types\/page"}],"author":[{"embeddable":true,"href":"https:\/\/www.freecorpus.fr\/pilates-gym-posturale\/wp-json\/wp\/v2\/users\/13"}],"replies":[{"embeddable":true,"href":"https:\/\/www.freecorpus.fr\/pilates-gym-posturale\/wp-json\/wp\/v2\/comments?post=4047"}],"version-history":[{"count":10,"href":"https:\/\/www.freecorpus.fr\/pilates-gym-posturale\/wp-json\/wp\/v2\/pages\/4047\/revisions"}],"predecessor-version":[{"id":14475,"href":"https:\/\/www.freecorpus.fr\/pilates-gym-posturale\/wp-json\/wp\/v2\/pages\/4047\/revisions\/14475"}],"wp:attachment":[{"href":"https:\/\/www.freecorpus.fr\/pilates-gym-posturale\/wp-json\/wp\/v2\/media?parent=4047"}],"curies":[{"name":"wp","href":"https:\/\/api.w.org\/{rel}","templated":true}]}}