{"id":12758,"date":"2022-10-12T10:15:53","date_gmt":"2022-10-12T08:15:53","guid":{"rendered":"https:\/\/www.freecorpus.fr\/pilates-gym-posturale\/conferences-et-animation\/"},"modified":"2022-10-12T16:57:19","modified_gmt":"2022-10-12T14:57:19","slug":"conferences-et-animation","status":"publish","type":"page","link":"https:\/\/www.freecorpus.fr\/pilates-gym-posturale\/conferences-et-animation\/","title":{"rendered":"Conf\u00e9rences et animation"},"content":{"rendered":"\t\t<div data-elementor-type=\"wp-page\" data-elementor-id=\"12758\" class=\"elementor elementor-12758\" data-elementor-post-type=\"page\">\n\t\t\t\t\t\t<section class=\"elementor-section elementor-top-section elementor-element elementor-element-7796615e animated-slow elementor-section-boxed elementor-section-height-default elementor-section-height-default elementor-invisible\" data-id=\"7796615e\" data-element_type=\"section\" data-e-type=\"section\" data-settings=\"{&quot;animation&quot;:&quot;fadeInLeft&quot;}\">\n\t\t\t\t\t\t<div class=\"elementor-container elementor-column-gap-default\">\n\t\t\t\t\t<div class=\"elementor-column elementor-col-100 elementor-top-column elementor-element elementor-element-f42a7d2\" data-id=\"f42a7d2\" data-element_type=\"column\" data-e-type=\"column\">\n\t\t\t<div class=\"elementor-widget-wrap elementor-element-populated\">\n\t\t\t\t\t\t<div class=\"elementor-element elementor-element-59252961 elementor-widget elementor-widget-spacer\" data-id=\"59252961\" data-element_type=\"widget\" data-e-type=\"widget\" data-widget_type=\"spacer.default\">\n\t\t\t\t<div class=\"elementor-widget-container\">\n\t\t\t\t\t\t\t<div class=\"elementor-spacer\">\n\t\t\t<div class=\"elementor-spacer-inner\"><\/div>\n\t\t<\/div>\n\t\t\t\t\t\t<\/div>\n\t\t\t\t<\/div>\n\t\t\t\t<div class=\"elementor-element elementor-element-2a20279d elementor-widget elementor-widget-heading\" data-id=\"2a20279d\" data-element_type=\"widget\" data-e-type=\"widget\" data-widget_type=\"heading.default\">\n\t\t\t\t<div class=\"elementor-widget-container\">\n\t\t\t\t\t<h1 class=\"elementor-heading-title elementor-size-default\">Conseils et ateliers en entreprise<\/h1>\t\t\t\t<\/div>\n\t\t\t\t<\/div>\n\t\t\t\t<div class=\"elementor-element elementor-element-69660ff8 elementor-widget-divider--view-line elementor-widget elementor-widget-divider\" data-id=\"69660ff8\" data-element_type=\"widget\" data-e-type=\"widget\" data-widget_type=\"divider.default\">\n\t\t\t\t<div class=\"elementor-widget-container\">\n\t\t\t\t\t\t\t<div class=\"elementor-divider\">\n\t\t\t<span class=\"elementor-divider-separator\">\n\t\t\t\t\t\t<\/span>\n\t\t<\/div>\n\t\t\t\t\t\t<\/div>\n\t\t\t\t<\/div>\n\t\t\t\t<div class=\"elementor-element elementor-element-5e66fd31 elementor-widget elementor-widget-heading\" data-id=\"5e66fd31\" data-element_type=\"widget\" data-e-type=\"widget\" data-widget_type=\"heading.default\">\n\t\t\t\t<div class=\"elementor-widget-container\">\n\t\t\t\t\t<h2 class=\"elementor-heading-title elementor-size-default\">Free Corpus vous propose un atelier de \"Mise en mouvement\"<\/h2>\t\t\t\t<\/div>\n\t\t\t\t<\/div>\n\t\t\t\t<div class=\"elementor-element elementor-element-7b3b4cc2 elementor-widget elementor-widget-text-editor\" data-id=\"7b3b4cc2\" data-element_type=\"widget\" data-e-type=\"widget\" data-widget_type=\"text-editor.default\">\n\t\t\t\t<div class=\"elementor-widget-container\">\n\t\t\t\t\t\t\t\t\t<p>Cet atelier m\u00eale des exercices tant\u00f4t centr\u00e9s sur des objectifs particuliers pr\u00e9d\u00e9finis en fonction des besoins des participants, tant\u00f4t \u00e0 caract\u00e8re ludique plus g\u00e9n\u00e9ral. Vous am\u00e9liorerez\u00a0:<\/p><ul><li>Votre concentration en vous d\u00e9tendant par la\u00a0<strong>Pleine Conscience<\/strong><\/li><li>Votre prise de conscience du rapport respirations\/\u00e9motions qui agira sur votre\u00a0<strong>mieux-\u00eatre au travail<\/strong>.<\/li><li>Votre\u00a0<strong>posture<\/strong>\u00a0: comment s\u2019asseoir face \u00e0 son ordinateur ou un client, afin d\u2019\u00e9viter les tensions,\u00a0 quand et comment bouger afin d\u2019enlever les tensions et les sensations de fatigue, puis relancer la dynamique du corps et du mental, positiver.<\/li><\/ul><p>La prise en compte\u00a0 \u00ab\u00a0corps\/identit\u00e9\u00a0\u00bb des participants est largement sollicit\u00e9e. Soi et les autres dans un m\u00eame espace: jeux \u00e0 th\u00e8me en groupe ou par deux etc.<\/p>\t\t\t\t\t\t\t\t<\/div>\n\t\t\t\t<\/div>\n\t\t\t\t<section class=\"elementor-section elementor-inner-section elementor-element elementor-element-1aaed7c elementor-section-boxed elementor-section-height-default elementor-section-height-default\" data-id=\"1aaed7c\" data-element_type=\"section\" data-e-type=\"section\">\n\t\t\t\t\t\t<div class=\"elementor-container elementor-column-gap-default\">\n\t\t\t\t\t<div class=\"elementor-column elementor-col-50 elementor-inner-column elementor-element elementor-element-90d48ad\" data-id=\"90d48ad\" data-element_type=\"column\" data-e-type=\"column\">\n\t\t\t<div class=\"elementor-widget-wrap elementor-element-populated\">\n\t\t\t\t\t\t<div class=\"elementor-element elementor-element-2ec28e08 elementor-position-inline-start elementor-view-default elementor-mobile-position-block-start elementor-widget elementor-widget-icon-box\" data-id=\"2ec28e08\" data-element_type=\"widget\" data-e-type=\"widget\" data-widget_type=\"icon-box.default\">\n\t\t\t\t<div class=\"elementor-widget-container\">\n\t\t\t\t\t\t\t<div class=\"elementor-icon-box-wrapper\">\n\n\t\t\t\t\t\t<div class=\"elementor-icon-box-icon\">\n\t\t\t\t<span  class=\"elementor-icon\">\n\t\t\t\t<i aria-hidden=\"true\" class=\"far fa-check-circle\"><\/i>\t\t\t\t<\/span>\n\t\t\t<\/div>\n\t\t\t\n\t\t\t\t\t\t<div class=\"elementor-icon-box-content\">\n\n\t\t\t\t\t\t\t\t\t<h3 class=\"elementor-icon-box-title\">\n\t\t\t\t\t\t<span  >\n\t\t\t\t\t\t\tInformations compl\u00e9mentaires\t\t\t\t\t\t<\/span>\n\t\t\t\t\t<\/h3>\n\t\t\t\t\n\t\t\t\t\t\t\t\t\t<p class=\"elementor-icon-box-description\">\n\t\t\t\t\t\tPour vos organisations de stages en Entreprises et Associations, plusieurs th\u00e8mes sont propos\u00e9s autour de l\u2019Ayurv\u00e9da, du Yoga, du Pilates, du Bien-\u00eatre. N\u2019h\u00e9sitez pas \u00e0 nous contacter pour obtenir un devis, nos professeurs se d\u00e9placent partout en France et \u00e0 l\u2019\u00e9tranger. &gt;Formulaire de contact\t\t\t\t\t<\/p>\n\t\t\t\t\n\t\t\t<\/div>\n\t\t\t\n\t\t<\/div>\n\t\t\t\t\t\t<\/div>\n\t\t\t\t<\/div>\n\t\t\t\t\t<\/div>\n\t\t<\/div>\n\t\t\t\t<div class=\"elementor-column elementor-col-50 elementor-inner-column elementor-element elementor-element-5c8a6b1\" data-id=\"5c8a6b1\" data-element_type=\"column\" data-e-type=\"column\">\n\t\t\t<div class=\"elementor-widget-wrap elementor-element-populated\">\n\t\t\t\t\t\t<div class=\"elementor-element elementor-element-421aa230 elementor-widget elementor-widget-image\" data-id=\"421aa230\" data-element_type=\"widget\" data-e-type=\"widget\" data-widget_type=\"image.default\">\n\t\t\t\t<div class=\"elementor-widget-container\">\n\t\t\t\t\t\t\t\t\t\t\t\t\t\t\t<img fetchpriority=\"high\" decoding=\"async\" width=\"768\" height=\"512\" src=\"https:\/\/www.freecorpus.fr\/pilates-gym-posturale\/wp-content\/uploads\/2018\/10\/pilates2018-87651244_s-768x512.jpg\" class=\"attachment-medium_large size-medium_large wp-image-10942\" alt=\"\" srcset=\"https:\/\/www.freecorpus.fr\/pilates-gym-posturale\/wp-content\/uploads\/2018\/10\/pilates2018-87651244_s-768x512.jpg 768w, https:\/\/www.freecorpus.fr\/pilates-gym-posturale\/wp-content\/uploads\/2018\/10\/pilates2018-87651244_s-300x200.jpg 300w, https:\/\/www.freecorpus.fr\/pilates-gym-posturale\/wp-content\/uploads\/2018\/10\/pilates2018-87651244_s-940x626.jpg 940w, https:\/\/www.freecorpus.fr\/pilates-gym-posturale\/wp-content\/uploads\/2018\/10\/pilates2018-87651244_s.jpg 980w\" sizes=\"(max-width: 768px) 100vw, 768px\" \/>\t\t\t\t\t\t\t\t\t\t\t\t\t\t\t<\/div>\n\t\t\t\t<\/div>\n\t\t\t\t\t<\/div>\n\t\t<\/div>\n\t\t\t\t\t<\/div>\n\t\t<\/section>\n\t\t\t\t\t<\/div>\n\t\t<\/div>\n\t\t\t\t\t<\/div>\n\t\t<\/section>\n\t\t\t\t<section class=\"elementor-section elementor-top-section elementor-element elementor-element-2799a3b animated-slow elementor-section-boxed elementor-section-height-default elementor-section-height-default elementor-invisible\" data-id=\"2799a3b\" data-element_type=\"section\" data-e-type=\"section\" data-settings=\"{&quot;animation&quot;:&quot;fadeInRight&quot;}\">\n\t\t\t\t\t\t<div class=\"elementor-container elementor-column-gap-default\">\n\t\t\t\t\t<div class=\"elementor-column elementor-col-100 elementor-top-column elementor-element elementor-element-7d44bd6a\" data-id=\"7d44bd6a\" data-element_type=\"column\" data-e-type=\"column\">\n\t\t\t<div class=\"elementor-widget-wrap elementor-element-populated\">\n\t\t\t\t\t\t<div class=\"elementor-element elementor-element-791aeb6b elementor-widget elementor-widget-heading\" data-id=\"791aeb6b\" data-element_type=\"widget\" data-e-type=\"widget\" data-widget_type=\"heading.default\">\n\t\t\t\t<div class=\"elementor-widget-container\">\n\t\t\t\t\t<h2 class=\"elementor-heading-title elementor-size-default\">Questions-r\u00e9ponses<\/h2>\t\t\t\t<\/div>\n\t\t\t\t<\/div>\n\t\t\t\t<div class=\"elementor-element elementor-element-b44f3bd elementor-widget-divider--view-line elementor-widget elementor-widget-divider\" data-id=\"b44f3bd\" data-element_type=\"widget\" data-e-type=\"widget\" data-widget_type=\"divider.default\">\n\t\t\t\t<div class=\"elementor-widget-container\">\n\t\t\t\t\t\t\t<div class=\"elementor-divider\">\n\t\t\t<span class=\"elementor-divider-separator\">\n\t\t\t\t\t\t<\/span>\n\t\t<\/div>\n\t\t\t\t\t\t<\/div>\n\t\t\t\t<\/div>\n\t\t\t\t<div class=\"elementor-element elementor-element-193d2eb3 elementor-widget elementor-widget-text-editor\" data-id=\"193d2eb3\" data-element_type=\"widget\" data-e-type=\"widget\" data-widget_type=\"text-editor.default\">\n\t\t\t\t<div class=\"elementor-widget-container\">\n\t\t\t\t\t\t\t\t\t<p><strong>A qui sont destin\u00e9s ces ateliers ?<\/strong><\/p><p>Nous avons un programme d\u2019ateliers particuli\u00e8rement destin\u00e9 au personnel sp\u00e9cialis\u00e9 dans le\u00a0<strong>service aux personnes en difficult\u00e9 physique<\/strong>\u00a0et\/ou\u00a0<strong>sociales<\/strong> (m\u00e9decins, kin\u00e9sith\u00e9rapeutes, psychologues, cliniciens, accompagnants des s\u00e9niors et handicap\u00e9s etc.)<\/p>\t\t\t\t\t\t\t\t<\/div>\n\t\t\t\t<\/div>\n\t\t\t\t<div class=\"elementor-element elementor-element-6f571538 elementor-widget elementor-widget-text-editor\" data-id=\"6f571538\" data-element_type=\"widget\" data-e-type=\"widget\" data-widget_type=\"text-editor.default\">\n\t\t\t\t<div class=\"elementor-widget-container\">\n\t\t\t\t\t\t\t\t\t<p><strong>Quels r\u00e9sultats attendre ?<\/strong><\/p><p>Nos ateliers vous proposent des exercices stimulant votre\u00a0<strong>adaptation\u00a0 au changement<\/strong>\u00a0et vous permettant de vous recentrer sur vous-m\u00eame.<br \/>Les r\u00e9sultats\u00a0: un mieux \u00eatre de chacun, une\u00a0<strong>meilleure disposition au travail<\/strong>, de meilleures interactions relationnelles, et\u00a0 pendant les pauses de nouveaux \u201cespace-temps\u201d r\u00e9cr\u00e9atifs, relaxants et redynamisants.<\/p>\t\t\t\t\t\t\t\t<\/div>\n\t\t\t\t<\/div>\n\t\t\t\t<div class=\"elementor-element elementor-element-43ff1f2e elementor-widget elementor-widget-text-editor\" data-id=\"43ff1f2e\" data-element_type=\"widget\" data-e-type=\"widget\" data-widget_type=\"text-editor.default\">\n\t\t\t\t<div class=\"elementor-widget-container\">\n\t\t\t\t\t\t\t\t\t<p><strong>Quels sont les exercices propos\u00e9s ?<\/strong><\/p><p>Vous\u00a0<strong>recentrer sur vous-m\u00eame<\/strong>.\u00a0 Prendre en charge la sant\u00e9 des personnes en difficult\u00e9 demande une attention et un investissement total de sa personne afin de soulager les autres. C\u2019est une belle action qui recharge les autres, et\u00a0 peut \u00e0 la longue vous vider nerveusement, mentalement et physiquement.\u00a0 Les exercices propos\u00e9s vous permettront de vous recharger en vous corporalisant, en travaillant sur la\u00a0<strong>pleine conscience<\/strong>\u00a0et de\u00a0:<\/p><ul><li>\u201cLaisser dans le sol\u201d stress et fatigue.<\/li><li>Redynamiser votre organisme et votre mental par des exercices de respiration et de relaxation.<\/li><li>Stimuler toutes les chaines musculaires de votre corps, en les mobilisant, en les densifiant et en d\u00e9nouant les tensions<\/li><li>Stimuler les muscles de\u00a0 l\u2019\u00e9quilibre et de la posture: am\u00e9liorer l\u2019\u00e9quilibre corporel agit sur l\u2019\u00e9quilibre nerveux.<\/li><li>Am\u00e9liorer sa posture et sa position dans l\u2019espace et en rapport avec les autres agit sur l\u2019auto-estime, et permet de reprendre sa place, de se sentir centr\u00e9, corporel (\u00e0 l\u2019inverse du sentiment de d\u00e9mat\u00e9rialisation corporelle que procure l\u2019exc\u00e8s d\u2019actions men\u00e9es pour les autres)<\/li><\/ul><p><strong>Vous \u00eates ressourc\u00e9. Vous \u00eates \u00e0 nouveau disponible pour vous m\u00eame et pour les autres.<\/strong><\/p>\t\t\t\t\t\t\t\t<\/div>\n\t\t\t\t<\/div>\n\t\t\t\t<div class=\"elementor-element elementor-element-1489db4 elementor-widget elementor-widget-spacer\" data-id=\"1489db4\" data-element_type=\"widget\" data-e-type=\"widget\" data-widget_type=\"spacer.default\">\n\t\t\t\t<div class=\"elementor-widget-container\">\n\t\t\t\t\t\t\t<div class=\"elementor-spacer\">\n\t\t\t<div class=\"elementor-spacer-inner\"><\/div>\n\t\t<\/div>\n\t\t\t\t\t\t<\/div>\n\t\t\t\t<\/div>\n\t\t\t\t\t<\/div>\n\t\t<\/div>\n\t\t\t\t\t<\/div>\n\t\t<\/section>\n\t\t\t\t<\/div>\n\t\t","protected":false},"excerpt":{"rendered":"<p>Conseils et ateliers en entreprise Free Corpus vous propose un atelier de \u00ab\u00a0Mise en mouvement\u00a0\u00bb Cet atelier m\u00eale des exercices tant\u00f4t centr\u00e9s sur des objectifs particuliers pr\u00e9d\u00e9finis en fonction des besoins des participants, tant\u00f4t \u00e0 caract\u00e8re ludique plus g\u00e9n\u00e9ral. Vous am\u00e9liorerez\u00a0: Votre concentration en vous d\u00e9tendant par la\u00a0Pleine Conscience Votre prise de conscience du rapport [&hellip;]<\/p>\n","protected":false},"author":15,"featured_media":0,"parent":0,"menu_order":0,"comment_status":"closed","ping_status":"closed","template":"","meta":{"_acf_changed":false,"footnotes":""},"class_list":["post-12758","page","type-page","status-publish","hentry"],"acf":[],"yoast_head":"<!-- This site is optimized with the Yoast SEO plugin v27.4 - https:\/\/yoast.com\/product\/yoast-seo-wordpress\/ -->\n<title>Conf\u00e9rences et animation - Pilates et Yoga \u00e0 Vincennes<\/title>\n<meta name=\"robots\" content=\"index, follow, max-snippet:-1, max-image-preview:large, max-video-preview:-1\" \/>\n<link rel=\"canonical\" href=\"https:\/\/www.freecorpus.fr\/pilates-gym-posturale\/conferences-et-animation\/\" \/>\n<meta property=\"og:locale\" content=\"fr_FR\" \/>\n<meta property=\"og:type\" content=\"article\" \/>\n<meta property=\"og:title\" content=\"Conf\u00e9rences et animation - Pilates et Yoga \u00e0 Vincennes\" \/>\n<meta property=\"og:description\" content=\"Conseils et ateliers en entreprise Free Corpus vous propose un atelier de \u00ab\u00a0Mise en mouvement\u00a0\u00bb Cet atelier m\u00eale des exercices tant\u00f4t centr\u00e9s sur des objectifs particuliers pr\u00e9d\u00e9finis en fonction des besoins des participants, tant\u00f4t \u00e0 caract\u00e8re ludique plus g\u00e9n\u00e9ral. Vous am\u00e9liorerez\u00a0: Votre concentration en vous d\u00e9tendant par la\u00a0Pleine Conscience Votre prise de conscience du rapport [&hellip;]\" \/>\n<meta property=\"og:url\" content=\"https:\/\/www.freecorpus.fr\/pilates-gym-posturale\/conferences-et-animation\/\" \/>\n<meta property=\"og:site_name\" content=\"Pilates et Yoga \u00e0 Vincennes\" \/>\n<meta property=\"article:modified_time\" content=\"2022-10-12T14:57:19+00:00\" \/>\n<meta property=\"og:image\" content=\"https:\/\/www.freecorpus.fr\/pilates-gym-posturale\/wp-content\/uploads\/2018\/10\/pilates2018-87651244_s-768x512.jpg\" \/>\n<meta name=\"twitter:card\" content=\"summary_large_image\" \/>\n<meta name=\"twitter:label1\" content=\"Dur\u00e9e de lecture estim\u00e9e\" \/>\n\t<meta name=\"twitter:data1\" content=\"3 minutes\" \/>\n<script type=\"application\/ld+json\" class=\"yoast-schema-graph\">{\"@context\":\"https:\\\/\\\/schema.org\",\"@graph\":[{\"@type\":\"WebPage\",\"@id\":\"https:\\\/\\\/www.freecorpus.fr\\\/pilates-gym-posturale\\\/conferences-et-animation\\\/\",\"url\":\"https:\\\/\\\/www.freecorpus.fr\\\/pilates-gym-posturale\\\/conferences-et-animation\\\/\",\"name\":\"Conf\u00e9rences et animation - Pilates et Yoga \u00e0 Vincennes\",\"isPartOf\":{\"@id\":\"https:\\\/\\\/www.freecorpus.fr\\\/pilates-gym-posturale\\\/#website\"},\"primaryImageOfPage\":{\"@id\":\"https:\\\/\\\/www.freecorpus.fr\\\/pilates-gym-posturale\\\/conferences-et-animation\\\/#primaryimage\"},\"image\":{\"@id\":\"https:\\\/\\\/www.freecorpus.fr\\\/pilates-gym-posturale\\\/conferences-et-animation\\\/#primaryimage\"},\"thumbnailUrl\":\"https:\\\/\\\/www.freecorpus.fr\\\/pilates-gym-posturale\\\/wp-content\\\/uploads\\\/2018\\\/10\\\/pilates2018-87651244_s-768x512.jpg\",\"datePublished\":\"2022-10-12T08:15:53+00:00\",\"dateModified\":\"2022-10-12T14:57:19+00:00\",\"breadcrumb\":{\"@id\":\"https:\\\/\\\/www.freecorpus.fr\\\/pilates-gym-posturale\\\/conferences-et-animation\\\/#breadcrumb\"},\"inLanguage\":\"fr-FR\",\"potentialAction\":[{\"@type\":\"ReadAction\",\"target\":[\"https:\\\/\\\/www.freecorpus.fr\\\/pilates-gym-posturale\\\/conferences-et-animation\\\/\"]}]},{\"@type\":\"ImageObject\",\"inLanguage\":\"fr-FR\",\"@id\":\"https:\\\/\\\/www.freecorpus.fr\\\/pilates-gym-posturale\\\/conferences-et-animation\\\/#primaryimage\",\"url\":\"https:\\\/\\\/www.freecorpus.fr\\\/pilates-gym-posturale\\\/wp-content\\\/uploads\\\/2018\\\/10\\\/pilates2018-87651244_s.jpg\",\"contentUrl\":\"https:\\\/\\\/www.freecorpus.fr\\\/pilates-gym-posturale\\\/wp-content\\\/uploads\\\/2018\\\/10\\\/pilates2018-87651244_s.jpg\",\"width\":980,\"height\":653},{\"@type\":\"BreadcrumbList\",\"@id\":\"https:\\\/\\\/www.freecorpus.fr\\\/pilates-gym-posturale\\\/conferences-et-animation\\\/#breadcrumb\",\"itemListElement\":[{\"@type\":\"ListItem\",\"position\":1,\"name\":\"Accueil\",\"item\":\"https:\\\/\\\/www.freecorpus.fr\\\/pilates-gym-posturale\\\/\"},{\"@type\":\"ListItem\",\"position\":2,\"name\":\"Conf\u00e9rences et animation\"}]},{\"@type\":\"WebSite\",\"@id\":\"https:\\\/\\\/www.freecorpus.fr\\\/pilates-gym-posturale\\\/#website\",\"url\":\"https:\\\/\\\/www.freecorpus.fr\\\/pilates-gym-posturale\\\/\",\"name\":\"Pilates et Yoga \u00e0 Vincennes\",\"description\":\"FreeCorpus Sur la voie du corps - Albane Dantras\",\"publisher\":{\"@id\":\"https:\\\/\\\/www.freecorpus.fr\\\/pilates-gym-posturale\\\/#organization\"},\"potentialAction\":[{\"@type\":\"SearchAction\",\"target\":{\"@type\":\"EntryPoint\",\"urlTemplate\":\"https:\\\/\\\/www.freecorpus.fr\\\/pilates-gym-posturale\\\/?s={search_term_string}\"},\"query-input\":{\"@type\":\"PropertyValueSpecification\",\"valueRequired\":true,\"valueName\":\"search_term_string\"}}],\"inLanguage\":\"fr-FR\"},{\"@type\":\"Organization\",\"@id\":\"https:\\\/\\\/www.freecorpus.fr\\\/pilates-gym-posturale\\\/#organization\",\"name\":\"Pilates et Yoga \u00e0 Vincennes\",\"url\":\"https:\\\/\\\/www.freecorpus.fr\\\/pilates-gym-posturale\\\/\",\"logo\":{\"@type\":\"ImageObject\",\"inLanguage\":\"fr-FR\",\"@id\":\"https:\\\/\\\/www.freecorpus.fr\\\/pilates-gym-posturale\\\/#\\\/schema\\\/logo\\\/image\\\/\",\"url\":\"https:\\\/\\\/www.freecorpus.fr\\\/pilates-gym-posturale\\\/wp-content\\\/uploads\\\/2022\\\/10\\\/LOGO_FREECORPUS-2022_06-1-removebg-preview.png\",\"contentUrl\":\"https:\\\/\\\/www.freecorpus.fr\\\/pilates-gym-posturale\\\/wp-content\\\/uploads\\\/2022\\\/10\\\/LOGO_FREECORPUS-2022_06-1-removebg-preview.png\",\"width\":249,\"height\":80,\"caption\":\"Pilates et Yoga \u00e0 Vincennes\"},\"image\":{\"@id\":\"https:\\\/\\\/www.freecorpus.fr\\\/pilates-gym-posturale\\\/#\\\/schema\\\/logo\\\/image\\\/\"}}]}<\/script>\n<!-- \/ Yoast SEO plugin. -->","yoast_head_json":{"title":"Conf\u00e9rences et animation - Pilates et Yoga \u00e0 Vincennes","robots":{"index":"index","follow":"follow","max-snippet":"max-snippet:-1","max-image-preview":"max-image-preview:large","max-video-preview":"max-video-preview:-1"},"canonical":"https:\/\/www.freecorpus.fr\/pilates-gym-posturale\/conferences-et-animation\/","og_locale":"fr_FR","og_type":"article","og_title":"Conf\u00e9rences et animation - Pilates et Yoga \u00e0 Vincennes","og_description":"Conseils et ateliers en entreprise Free Corpus vous propose un atelier de \u00ab\u00a0Mise en mouvement\u00a0\u00bb Cet atelier m\u00eale des exercices tant\u00f4t centr\u00e9s sur des objectifs particuliers pr\u00e9d\u00e9finis en fonction des besoins des participants, tant\u00f4t \u00e0 caract\u00e8re ludique plus g\u00e9n\u00e9ral. Vous am\u00e9liorerez\u00a0: Votre concentration en vous d\u00e9tendant par la\u00a0Pleine Conscience Votre prise de conscience du rapport [&hellip;]","og_url":"https:\/\/www.freecorpus.fr\/pilates-gym-posturale\/conferences-et-animation\/","og_site_name":"Pilates et Yoga \u00e0 Vincennes","article_modified_time":"2022-10-12T14:57:19+00:00","og_image":[{"url":"https:\/\/www.freecorpus.fr\/pilates-gym-posturale\/wp-content\/uploads\/2018\/10\/pilates2018-87651244_s-768x512.jpg","type":"","width":"","height":""}],"twitter_card":"summary_large_image","twitter_misc":{"Dur\u00e9e de lecture estim\u00e9e":"3 minutes"},"schema":{"@context":"https:\/\/schema.org","@graph":[{"@type":"WebPage","@id":"https:\/\/www.freecorpus.fr\/pilates-gym-posturale\/conferences-et-animation\/","url":"https:\/\/www.freecorpus.fr\/pilates-gym-posturale\/conferences-et-animation\/","name":"Conf\u00e9rences et animation - Pilates et Yoga \u00e0 Vincennes","isPartOf":{"@id":"https:\/\/www.freecorpus.fr\/pilates-gym-posturale\/#website"},"primaryImageOfPage":{"@id":"https:\/\/www.freecorpus.fr\/pilates-gym-posturale\/conferences-et-animation\/#primaryimage"},"image":{"@id":"https:\/\/www.freecorpus.fr\/pilates-gym-posturale\/conferences-et-animation\/#primaryimage"},"thumbnailUrl":"https:\/\/www.freecorpus.fr\/pilates-gym-posturale\/wp-content\/uploads\/2018\/10\/pilates2018-87651244_s-768x512.jpg","datePublished":"2022-10-12T08:15:53+00:00","dateModified":"2022-10-12T14:57:19+00:00","breadcrumb":{"@id":"https:\/\/www.freecorpus.fr\/pilates-gym-posturale\/conferences-et-animation\/#breadcrumb"},"inLanguage":"fr-FR","potentialAction":[{"@type":"ReadAction","target":["https:\/\/www.freecorpus.fr\/pilates-gym-posturale\/conferences-et-animation\/"]}]},{"@type":"ImageObject","inLanguage":"fr-FR","@id":"https:\/\/www.freecorpus.fr\/pilates-gym-posturale\/conferences-et-animation\/#primaryimage","url":"https:\/\/www.freecorpus.fr\/pilates-gym-posturale\/wp-content\/uploads\/2018\/10\/pilates2018-87651244_s.jpg","contentUrl":"https:\/\/www.freecorpus.fr\/pilates-gym-posturale\/wp-content\/uploads\/2018\/10\/pilates2018-87651244_s.jpg","width":980,"height":653},{"@type":"BreadcrumbList","@id":"https:\/\/www.freecorpus.fr\/pilates-gym-posturale\/conferences-et-animation\/#breadcrumb","itemListElement":[{"@type":"ListItem","position":1,"name":"Accueil","item":"https:\/\/www.freecorpus.fr\/pilates-gym-posturale\/"},{"@type":"ListItem","position":2,"name":"Conf\u00e9rences et animation"}]},{"@type":"WebSite","@id":"https:\/\/www.freecorpus.fr\/pilates-gym-posturale\/#website","url":"https:\/\/www.freecorpus.fr\/pilates-gym-posturale\/","name":"Pilates et Yoga \u00e0 Vincennes","description":"FreeCorpus Sur la voie du corps - Albane Dantras","publisher":{"@id":"https:\/\/www.freecorpus.fr\/pilates-gym-posturale\/#organization"},"potentialAction":[{"@type":"SearchAction","target":{"@type":"EntryPoint","urlTemplate":"https:\/\/www.freecorpus.fr\/pilates-gym-posturale\/?s={search_term_string}"},"query-input":{"@type":"PropertyValueSpecification","valueRequired":true,"valueName":"search_term_string"}}],"inLanguage":"fr-FR"},{"@type":"Organization","@id":"https:\/\/www.freecorpus.fr\/pilates-gym-posturale\/#organization","name":"Pilates et Yoga \u00e0 Vincennes","url":"https:\/\/www.freecorpus.fr\/pilates-gym-posturale\/","logo":{"@type":"ImageObject","inLanguage":"fr-FR","@id":"https:\/\/www.freecorpus.fr\/pilates-gym-posturale\/#\/schema\/logo\/image\/","url":"https:\/\/www.freecorpus.fr\/pilates-gym-posturale\/wp-content\/uploads\/2022\/10\/LOGO_FREECORPUS-2022_06-1-removebg-preview.png","contentUrl":"https:\/\/www.freecorpus.fr\/pilates-gym-posturale\/wp-content\/uploads\/2022\/10\/LOGO_FREECORPUS-2022_06-1-removebg-preview.png","width":249,"height":80,"caption":"Pilates et Yoga \u00e0 Vincennes"},"image":{"@id":"https:\/\/www.freecorpus.fr\/pilates-gym-posturale\/#\/schema\/logo\/image\/"}}]}},"_links":{"self":[{"href":"https:\/\/www.freecorpus.fr\/pilates-gym-posturale\/wp-json\/wp\/v2\/pages\/12758","targetHints":{"allow":["GET"]}}],"collection":[{"href":"https:\/\/www.freecorpus.fr\/pilates-gym-posturale\/wp-json\/wp\/v2\/pages"}],"about":[{"href":"https:\/\/www.freecorpus.fr\/pilates-gym-posturale\/wp-json\/wp\/v2\/types\/page"}],"author":[{"embeddable":true,"href":"https:\/\/www.freecorpus.fr\/pilates-gym-posturale\/wp-json\/wp\/v2\/users\/15"}],"replies":[{"embeddable":true,"href":"https:\/\/www.freecorpus.fr\/pilates-gym-posturale\/wp-json\/wp\/v2\/comments?post=12758"}],"version-history":[{"count":10,"href":"https:\/\/www.freecorpus.fr\/pilates-gym-posturale\/wp-json\/wp\/v2\/pages\/12758\/revisions"}],"predecessor-version":[{"id":13226,"href":"https:\/\/www.freecorpus.fr\/pilates-gym-posturale\/wp-json\/wp\/v2\/pages\/12758\/revisions\/13226"}],"wp:attachment":[{"href":"https:\/\/www.freecorpus.fr\/pilates-gym-posturale\/wp-json\/wp\/v2\/media?parent=12758"}],"curies":[{"name":"wp","href":"https:\/\/api.w.org\/{rel}","templated":true}]}}